{"id":7171,"date":"2024-07-28T09:45:55","date_gmt":"2024-07-28T09:45:55","guid":{"rendered":"https:\/\/deutscher-schifffahrtstag.de\/index.php\/events\/maritimes-engineering-fuer-klimaschutz\/"},"modified":"2025-05-12T13:56:16","modified_gmt":"2025-05-12T11:56:16","slug":"maritimes-engineering-fuer-klimaschutz","status":"publish","type":"mec-events","link":"https:\/\/deutscher-schifffahrtstag.de\/index.php\/events\/maritimes-engineering-fuer-klimaschutz\/","title":{"rendered":"Fachtagung: Maritimes Engineering f\u00fcr Klimaschutz"},"content":{"rendered":"<p><strong><u>10:00 Uhr:<\/u><\/strong><\/p>\n<p><u>Er\u00f6ffnung:<\/u> S\u00f6ren Ehlers, GMT\/DLR<\/p>\n<p><u>Gru\u00dfwort:<\/u> Rasmus Stute, DNV SE<\/p>\n<p><strong>10:10 &#8211; 11:00 Uhr: Perspektiven und Ziele <\/strong><\/p>\n<ul>\n<li>Die Rolle der IMO auf dem Weg zu einer emissionsfreien Schifffahrt. J\u00f6rg Kaufmann, BSH<\/li>\n<li>Perspektiven und Ziele f\u00fcr eine umweltvertr\u00e4gliche Schifffahrt. S\u00f6nke Diesener, NABU.<\/li>\n<li>Maritime Dekarbonisierung \u2013 wie geht es weiter nach MEPC 83. Pierre Sames, DNV.<\/li>\n<li>Perspektive des Reeders. Georg Eljardt, Hapag Llyod.<\/li>\n<li>Diskussion<\/li>\n<\/ul>\n<p><strong>\u00a0<\/strong><strong>11:00 &#8211; 12:30 Uhr: Technologien f\u00fcr einen emissionsfreien Schiffsbetrieb<\/strong><\/p>\n<ul>\n<li>Technical Expertise meets Power to Industrialize. Michael Milch, Freudenberg e-Power Systems.<\/li>\n<li>Emissionsarme Binnenschiffe. Rupert Henn, DST.<\/li>\n<li>Emissionsreduktion durch Routenoptimierung. Marco Klein, DLR.<\/li>\n<li>Wasserstoff: Ein Puzzleteil f\u00fcr die Dekarbonisierung der Hafenlogistik. Karin Debacher, HHLA<\/li>\n<li>Diskussion<\/li>\n<\/ul>\n<p><strong>Mittagessen 12:30 &#8211; 13:30 Uhr <\/strong><\/p>\n<p><strong>13:30 &#8211; 15:30 Uhr:<\/strong><strong> Treibstoffe f\u00fcr einen emissionsfreien Schiffsbetrieb <\/strong><\/p>\n<ul>\n<li>Zuk\u00fcnftige Schiffsantriebe und Schiffskraftstoffe. Carsten-S. Wibel, Deutscher Nautischen Verein.<\/li>\n<li>Fl\u00fcssigwasserstoff, Verf\u00fcgbarkeit und Logistik. Alexander Alekseev, Linde.<\/li>\n<li>Fl\u00fcssige kohlenstofffreie Kraftstoffe. Alessandro Sch\u00f6nborn,<\/li>\n<li>Gr\u00fcnes Methanol als alternativer Schiffskraftstoff &#8211; eine Studie im Auftrag von Greenpeace. Lars Baetcke, DLR<\/li>\n<li>Alternative Treibstoffe und Technologien zur Dekarbonisierung von Kreuzfahrtschiffen. Malte Zeretzke, Carnival Maritime<\/li>\n<\/ul>\n<p><strong><u>15:30 Uhr <\/u>Schlussdiskussion<\/strong><\/p>\n<p>&nbsp;<\/p>\n","protected":false},"excerpt":{"rendered":"<p>10:00 Uhr: Er\u00f6ffnung: S\u00f6ren Ehlers, GMT\/DLR Gru\u00dfwort: Rasmus Stute, DNV SE 10:10 &#8211; 11:00 Uhr: Perspektiven und Ziele Die Rolle der IMO auf dem Weg zu einer emissionsfreien Schifffahrt. J\u00f6rg Kaufmann, BSH Perspektiven und Ziele f\u00fcr eine umweltvertr\u00e4gliche Schifffahrt. S\u00f6nke Diesener, NABU. Maritime Dekarbonisierung \u2013 wie geht es weiter nach MEPC 83. Pierre Sames, DNV. [&hellip;]<\/p>\n","protected":false},"author":5,"featured_media":7164,"comment_status":"closed","ping_status":"closed","template":"","tags":[],"mec_category":[25],"class_list":["post-7171","mec-events","type-mec-events","status-publish","has-post-thumbnail","hentry","mec_category-fachveranstaltung"],"_links":{"self":[{"href":"https:\/\/deutscher-schifffahrtstag.de\/index.php\/wp-json\/wp\/v2\/mec-events\/7171","targetHints":{"allow":["GET"]}}],"collection":[{"href":"https:\/\/deutscher-schifffahrtstag.de\/index.php\/wp-json\/wp\/v2\/mec-events"}],"about":[{"href":"https:\/\/deutscher-schifffahrtstag.de\/index.php\/wp-json\/wp\/v2\/types\/mec-events"}],"author":[{"embeddable":true,"href":"https:\/\/deutscher-schifffahrtstag.de\/index.php\/wp-json\/wp\/v2\/users\/5"}],"replies":[{"embeddable":true,"href":"https:\/\/deutscher-schifffahrtstag.de\/index.php\/wp-json\/wp\/v2\/comments?post=7171"}],"wp:featuredmedia":[{"embeddable":true,"href":"https:\/\/deutscher-schifffahrtstag.de\/index.php\/wp-json\/wp\/v2\/media\/7164"}],"wp:attachment":[{"href":"https:\/\/deutscher-schifffahrtstag.de\/index.php\/wp-json\/wp\/v2\/media?parent=7171"}],"wp:term":[{"taxonomy":"post_tag","embeddable":true,"href":"https:\/\/deutscher-schifffahrtstag.de\/index.php\/wp-json\/wp\/v2\/tags?post=7171"},{"taxonomy":"mec_category","embeddable":true,"href":"https:\/\/deutscher-schifffahrtstag.de\/index.php\/wp-json\/wp\/v2\/mec_category?post=7171"}],"curies":[{"name":"wp","href":"https:\/\/api.w.org\/{rel}","templated":true}]}}