{"id":970,"date":"2021-09-23T09:42:08","date_gmt":"2021-09-23T09:42:08","guid":{"rendered":"https:\/\/dst2022.zweiunter.de\/?page_id=970"},"modified":"2022-08-23T12:59:08","modified_gmt":"2022-08-23T12:59:08","slug":"downloads","status":"publish","type":"page","link":"https:\/\/deutscher-schifffahrtstag.de\/index.php\/downloads\/","title":{"rendered":"Downloads"},"content":{"rendered":"\t\t<div data-elementor-type=\"wp-page\" data-elementor-id=\"970\" class=\"elementor elementor-970\" data-elementor-post-type=\"page\">\n\t\t\t\t\t\t<section class=\"elementor-section elementor-top-section elementor-element elementor-element-50ba7f3 elementor-section-boxed elementor-section-height-default elementor-section-height-default\" data-id=\"50ba7f3\" data-element_type=\"section\" data-e-type=\"section\">\n\t\t\t\t\t\t<div class=\"elementor-container elementor-column-gap-default\">\n\t\t\t\t\t<div class=\"elementor-column elementor-col-100 elementor-top-column elementor-element elementor-element-3a98a55\" data-id=\"3a98a55\" data-element_type=\"column\" data-e-type=\"column\">\n\t\t\t<div class=\"elementor-widget-wrap elementor-element-populated\">\n\t\t\t\t\t\t<div class=\"elementor-element elementor-element-3b8697d elementor-widget elementor-widget-heading\" data-id=\"3b8697d\" data-element_type=\"widget\" data-e-type=\"widget\" data-widget_type=\"heading.default\">\n\t\t\t\t<div class=\"elementor-widget-container\">\n\t\t\t\t\t<h1 class=\"elementor-heading-title elementor-size-default\">Downloads<\/h1>\t\t\t\t<\/div>\n\t\t\t\t<\/div>\n\t\t\t\t\t<\/div>\n\t\t<\/div>\n\t\t\t\t\t<\/div>\n\t\t<\/section>\n\t\t\t\t<section class=\"elementor-section elementor-top-section elementor-element elementor-element-44f361e elementor-section-boxed elementor-section-height-default elementor-section-height-default\" data-id=\"44f361e\" data-element_type=\"section\" data-e-type=\"section\">\n\t\t\t\t\t\t<div class=\"elementor-container elementor-column-gap-default\">\n\t\t\t\t\t<div class=\"elementor-column elementor-col-33 elementor-top-column elementor-element elementor-element-2213ee2 elementor-hidden-tablet elementor-hidden-mobile\" data-id=\"2213ee2\" data-element_type=\"column\" data-e-type=\"column\">\n\t\t\t<div class=\"elementor-widget-wrap\">\n\t\t\t\t\t\t\t<\/div>\n\t\t<\/div>\n\t\t\t\t<div class=\"elementor-column elementor-col-33 elementor-top-column elementor-element elementor-element-314dcf7\" data-id=\"314dcf7\" data-element_type=\"column\" data-e-type=\"column\">\n\t\t\t<div class=\"elementor-widget-wrap elementor-element-populated\">\n\t\t\t\t\t\t<div class=\"elementor-element elementor-element-0c6e057 elementor-widget elementor-widget-heading\" data-id=\"0c6e057\" data-element_type=\"widget\" data-e-type=\"widget\" data-widget_type=\"heading.default\">\n\t\t\t\t<div class=\"elementor-widget-container\">\n\t\t\t\t\t<h2 class=\"elementor-heading-title elementor-size-default\">Texte<\/h2>\t\t\t\t<\/div>\n\t\t\t\t<\/div>\n\t\t\t\t<div class=\"elementor-element elementor-element-4534776 elementor-icon-list--layout-traditional elementor-list-item-link-full_width elementor-widget elementor-widget-icon-list\" data-id=\"4534776\" data-element_type=\"widget\" data-e-type=\"widget\" data-widget_type=\"icon-list.default\">\n\t\t\t\t<div class=\"elementor-widget-container\">\n\t\t\t\t\t\t\t<ul class=\"elementor-icon-list-items\">\n\t\t\t\t\t\t\t<li class=\"elementor-icon-list-item\">\n\t\t\t\t\t\t\t\t\t\t\t<a href=\"https:\/\/deutscher-schifffahrtstag.de\/wp-content\/uploads\/2021\/09\/BDB-zum-DST-2022.pdf\">\n\n\t\t\t\t\t\t\t\t\t\t\t\t<span class=\"elementor-icon-list-icon\">\n\t\t\t\t\t\t\t<i aria-hidden=\"true\" class=\"fas fa-file-pdf\"><\/i>\t\t\t\t\t\t<\/span>\n\t\t\t\t\t\t\t\t\t\t<span class=\"elementor-icon-list-text\">BDB zum DST 2022 (September '21)<\/span>\n\t\t\t\t\t\t\t\t\t\t\t<\/a>\n\t\t\t\t\t\t\t\t\t<\/li>\n\t\t\t\t\t\t\t\t<li class=\"elementor-icon-list-item\">\n\t\t\t\t\t\t\t\t\t\t\t<a href=\"https:\/\/deutscher-schifffahrtstag.de\/wp-content\/uploads\/2021\/09\/DMB-zum-DST-2022.pdf\">\n\n\t\t\t\t\t\t\t\t\t\t\t\t<span class=\"elementor-icon-list-icon\">\n\t\t\t\t\t\t\t<i aria-hidden=\"true\" class=\"fas fa-file-pdf\"><\/i>\t\t\t\t\t\t<\/span>\n\t\t\t\t\t\t\t\t\t\t<span class=\"elementor-icon-list-text\">DMB zum DST 2022 (September '21)<\/span>\n\t\t\t\t\t\t\t\t\t\t\t<\/a>\n\t\t\t\t\t\t\t\t\t<\/li>\n\t\t\t\t\t\t\t\t<li class=\"elementor-icon-list-item\">\n\t\t\t\t\t\t\t\t\t\t\t<a href=\"https:\/\/deutscher-schifffahrtstag.de\/wp-content\/uploads\/2021\/09\/DNV-zum-DST-2022.pdf\">\n\n\t\t\t\t\t\t\t\t\t\t\t\t<span class=\"elementor-icon-list-icon\">\n\t\t\t\t\t\t\t<i aria-hidden=\"true\" class=\"fas fa-file-pdf\"><\/i>\t\t\t\t\t\t<\/span>\n\t\t\t\t\t\t\t\t\t\t<span class=\"elementor-icon-list-text\">DNV zum DST 2022 (September '21)<\/span>\n\t\t\t\t\t\t\t\t\t\t\t<\/a>\n\t\t\t\t\t\t\t\t\t<\/li>\n\t\t\t\t\t\t\t\t<li class=\"elementor-icon-list-item\">\n\t\t\t\t\t\t\t\t\t\t\t<a href=\"https:\/\/deutscher-schifffahrtstag.de\/wp-content\/uploads\/2021\/09\/Nautischer-Verein-zu-Bremerhaven-zum-DST-2022.pdf\">\n\n\t\t\t\t\t\t\t\t\t\t\t\t<span class=\"elementor-icon-list-icon\">\n\t\t\t\t\t\t\t<i aria-hidden=\"true\" class=\"fas fa-file-pdf\"><\/i>\t\t\t\t\t\t<\/span>\n\t\t\t\t\t\t\t\t\t\t<span class=\"elementor-icon-list-text\">Nautischer Verein zu Bremerhaven zum DST 2022 (September '21)<\/span>\n\t\t\t\t\t\t\t\t\t\t\t<\/a>\n\t\t\t\t\t\t\t\t\t<\/li>\n\t\t\t\t\t\t\t\t<li class=\"elementor-icon-list-item\">\n\t\t\t\t\t\t\t\t\t\t\t<a href=\"https:\/\/deutscher-schifffahrtstag.de\/wp-content\/uploads\/2021\/10\/Nautischer-Verein-zu-Bremen-zum-DST-2022.pdf\">\n\n\t\t\t\t\t\t\t\t\t\t\t\t<span class=\"elementor-icon-list-icon\">\n\t\t\t\t\t\t\t<i aria-hidden=\"true\" class=\"fas fa-file-pdf\"><\/i>\t\t\t\t\t\t<\/span>\n\t\t\t\t\t\t\t\t\t\t<span class=\"elementor-icon-list-text\">Nautischer Verein zu Bremen zum DST 2022 (September '21)<\/span>\n\t\t\t\t\t\t\t\t\t\t\t<\/a>\n\t\t\t\t\t\t\t\t\t<\/li>\n\t\t\t\t\t\t\t\t<li class=\"elementor-icon-list-item\">\n\t\t\t\t\t\t\t\t\t\t\t<a href=\"https:\/\/deutscher-schifffahrtstag.de\/wp-content\/uploads\/2021\/12\/Einladung-Bootsparade.pdf\">\n\n\t\t\t\t\t\t\t\t\t\t\t\t<span class=\"elementor-icon-list-icon\">\n\t\t\t\t\t\t\t<i aria-hidden=\"true\" class=\"fas fa-file-pdf\"><\/i>\t\t\t\t\t\t<\/span>\n\t\t\t\t\t\t\t\t\t\t<span class=\"elementor-icon-list-text\">Einladung Bootsparade (Januar '22)<\/span>\n\t\t\t\t\t\t\t\t\t\t\t<\/a>\n\t\t\t\t\t\t\t\t\t<\/li>\n\t\t\t\t\t\t\t\t<li class=\"elementor-icon-list-item\">\n\t\t\t\t\t\t\t\t\t\t\t<a href=\"https:\/\/deutscher-schifffahrtstag.de\/wp-content\/uploads\/2022\/02\/Anmeldebogen-Paraden.pdf\">\n\n\t\t\t\t\t\t\t\t\t\t\t\t<span class=\"elementor-icon-list-icon\">\n\t\t\t\t\t\t\t<i aria-hidden=\"true\" class=\"fas fa-file-pdf\"><\/i>\t\t\t\t\t\t<\/span>\n\t\t\t\t\t\t\t\t\t\t<span class=\"elementor-icon-list-text\">Anmeldung Paraden (Februar '22)<\/span>\n\t\t\t\t\t\t\t\t\t\t\t<\/a>\n\t\t\t\t\t\t\t\t\t<\/li>\n\t\t\t\t\t\t<\/ul>\n\t\t\t\t\t\t<\/div>\n\t\t\t\t<\/div>\n\t\t\t\t<div class=\"elementor-element elementor-element-0100b89 elementor-widget elementor-widget-heading\" data-id=\"0100b89\" data-element_type=\"widget\" data-e-type=\"widget\" data-widget_type=\"heading.default\">\n\t\t\t\t<div class=\"elementor-widget-container\">\n\t\t\t\t\t<h1 class=\"elementor-heading-title elementor-size-default\">Bilderdatenbank<\/h1>\t\t\t\t<\/div>\n\t\t\t\t<\/div>\n\t\t\t\t<div class=\"elementor-element elementor-element-374d1a4 elementor-widget elementor-widget-text-editor\" data-id=\"374d1a4\" data-element_type=\"widget\" data-e-type=\"widget\" data-widget_type=\"text-editor.default\">\n\t\t\t\t<div class=\"elementor-widget-container\">\n\t\t\t\t\t\t\t\t\t<p>F\u00fcr jegliche Beitr\u00e4ge, Berichte und Ver\u00f6ffentlichungen zum DST 20222 stehen Ihnen die folgenden Bilder unserer Datenbank unter Angabe der Quelle gerne zur Verf\u00fcgung:<\/p>\t\t\t\t\t\t\t\t<\/div>\n\t\t\t\t<\/div>\n\t\t\t\t<div class=\"elementor-element elementor-element-47085b4 elementor-widget elementor-widget-gallery\" data-id=\"47085b4\" data-element_type=\"widget\" data-e-type=\"widget\" data-settings=\"{&quot;lazyload&quot;:&quot;yes&quot;,&quot;gallery_layout&quot;:&quot;grid&quot;,&quot;columns&quot;:4,&quot;columns_tablet&quot;:2,&quot;columns_mobile&quot;:1,&quot;gap&quot;:{&quot;unit&quot;:&quot;px&quot;,&quot;size&quot;:10,&quot;sizes&quot;:[]},&quot;gap_tablet&quot;:{&quot;unit&quot;:&quot;px&quot;,&quot;size&quot;:10,&quot;sizes&quot;:[]},&quot;gap_mobile&quot;:{&quot;unit&quot;:&quot;px&quot;,&quot;size&quot;:10,&quot;sizes&quot;:[]},&quot;link_to&quot;:&quot;file&quot;,&quot;aspect_ratio&quot;:&quot;3:2&quot;,&quot;overlay_background&quot;:&quot;yes&quot;,&quot;content_hover_animation&quot;:&quot;fade-in&quot;}\" data-widget_type=\"gallery.default\">\n\t\t\t\t<div class=\"elementor-widget-container\">\n\t\t\t\t\t\t\t<div class=\"elementor-gallery__container\">\n\t\t\t\t\t\t\t<a class=\"e-gallery-item elementor-gallery-item elementor-animated-content\" href=\"https:\/\/deutscher-schifffahrtstag.de\/wp-content\/uploads\/2022\/03\/193-scaled.jpg\" data-elementor-open-lightbox=\"yes\" data-elementor-lightbox-slideshow=\"47085b4\" data-elementor-lightbox-title=\"193\" data-e-action-hash=\"#elementor-action%3Aaction%3Dlightbox%26settings%3DeyJpZCI6Mzk4NywidXJsIjoiaHR0cHM6XC9cL2RldXRzY2hlci1zY2hpZmZmYWhydHN0YWcuZGVcL3dwLWNvbnRlbnRcL3VwbG9hZHNcLzIwMjJcLzAzXC8xOTMtc2NhbGVkLmpwZyIsInNsaWRlc2hvdyI6IjQ3MDg1YjQifQ%3D%3D\">\n\t\t\t\t\t<div class=\"e-gallery-image elementor-gallery-item__image\" data-thumbnail=\"https:\/\/deutscher-schifffahrtstag.de\/wp-content\/uploads\/2022\/03\/193-1024x768.jpg\" data-width=\"800\" data-height=\"600\" aria-label=\"\" role=\"img\" ><\/div>\n\t\t\t\t\t\t\t\t\t\t\t<div class=\"elementor-gallery-item__overlay\"><\/div>\n\t\t\t\t\t\t\t\t\t\t\t\t\t\t<\/a>\n\t\t\t\t\t\t\t<a class=\"e-gallery-item elementor-gallery-item elementor-animated-content\" href=\"https:\/\/deutscher-schifffahrtstag.de\/wp-content\/uploads\/2022\/03\/IMG_0370-scaled.jpg\" data-elementor-open-lightbox=\"yes\" data-elementor-lightbox-slideshow=\"47085b4\" data-elementor-lightbox-title=\"Containerumschlag in Bremerhaven (Foto: Iven Kr\u00e4mer)\" data-e-action-hash=\"#elementor-action%3Aaction%3Dlightbox%26settings%3DeyJpZCI6NDAxNSwidXJsIjoiaHR0cHM6XC9cL2RldXRzY2hlci1zY2hpZmZmYWhydHN0YWcuZGVcL3dwLWNvbnRlbnRcL3VwbG9hZHNcLzIwMjJcLzAzXC9JTUdfMDM3MC1zY2FsZWQuanBnIiwic2xpZGVzaG93IjoiNDcwODViNCJ9\">\n\t\t\t\t\t<div class=\"e-gallery-image elementor-gallery-item__image\" data-thumbnail=\"https:\/\/deutscher-schifffahrtstag.de\/wp-content\/uploads\/2022\/03\/IMG_0370-1024x683.jpg\" data-width=\"800\" data-height=\"534\" aria-label=\"\" role=\"img\" ><\/div>\n\t\t\t\t\t\t\t\t\t\t\t<div class=\"elementor-gallery-item__overlay\"><\/div>\n\t\t\t\t\t\t\t\t\t\t\t\t\t\t<\/a>\n\t\t\t\t\t\t\t<a class=\"e-gallery-item elementor-gallery-item elementor-animated-content\" href=\"https:\/\/deutscher-schifffahrtstag.de\/wp-content\/uploads\/2022\/01\/Bremerhaven-2.jpg\" data-elementor-open-lightbox=\"yes\" data-elementor-lightbox-slideshow=\"47085b4\" data-elementor-lightbox-title=\"Neuer Hafen Bremerhaven (Foto: Iven Kr\u00e4mer)\" data-e-action-hash=\"#elementor-action%3Aaction%3Dlightbox%26settings%3DeyJpZCI6MjY2OSwidXJsIjoiaHR0cHM6XC9cL2RldXRzY2hlci1zY2hpZmZmYWhydHN0YWcuZGVcL3dwLWNvbnRlbnRcL3VwbG9hZHNcLzIwMjJcLzAxXC9CcmVtZXJoYXZlbi0yLmpwZyIsInNsaWRlc2hvdyI6IjQ3MDg1YjQifQ%3D%3D\">\n\t\t\t\t\t<div class=\"e-gallery-image elementor-gallery-item__image\" data-thumbnail=\"https:\/\/deutscher-schifffahrtstag.de\/wp-content\/uploads\/2022\/01\/Bremerhaven-2-1024x768.jpg\" data-width=\"800\" data-height=\"600\" aria-label=\"\" role=\"img\" ><\/div>\n\t\t\t\t\t\t\t\t\t\t\t<div class=\"elementor-gallery-item__overlay\"><\/div>\n\t\t\t\t\t\t\t\t\t\t\t\t\t\t<\/a>\n\t\t\t\t\t\t\t<a class=\"e-gallery-item elementor-gallery-item elementor-animated-content\" href=\"https:\/\/deutscher-schifffahrtstag.de\/wp-content\/uploads\/2021\/11\/Pit-2-e1637076873710.jpg\" data-elementor-open-lightbox=\"yes\" data-elementor-lightbox-slideshow=\"47085b4\" data-elementor-lightbox-title=\"Morgennebel im Hafen (Foto: Pit Kr\u00e4mer)\" data-e-action-hash=\"#elementor-action%3Aaction%3Dlightbox%26settings%3DeyJpZCI6MjEwOSwidXJsIjoiaHR0cHM6XC9cL2RldXRzY2hlci1zY2hpZmZmYWhydHN0YWcuZGVcL3dwLWNvbnRlbnRcL3VwbG9hZHNcLzIwMjFcLzExXC9QaXQtMi1lMTYzNzA3Njg3MzcxMC5qcGciLCJzbGlkZXNob3ciOiI0NzA4NWI0In0%3D\">\n\t\t\t\t\t<div class=\"e-gallery-image elementor-gallery-item__image\" data-thumbnail=\"https:\/\/deutscher-schifffahrtstag.de\/wp-content\/uploads\/2021\/11\/Pit-2-e1637076873710-1024x576.jpg\" data-width=\"800\" data-height=\"450\" aria-label=\"\" role=\"img\" ><\/div>\n\t\t\t\t\t\t\t\t\t\t\t<div class=\"elementor-gallery-item__overlay\"><\/div>\n\t\t\t\t\t\t\t\t\t\t\t\t\t\t<\/a>\n\t\t\t\t\t\t\t<a class=\"e-gallery-item elementor-gallery-item elementor-animated-content\" href=\"https:\/\/deutscher-schifffahrtstag.de\/wp-content\/uploads\/2021\/10\/Foto-fuer-Kategorie-Nautischer-Dialog-scaled.jpg\" data-elementor-open-lightbox=\"yes\" data-elementor-lightbox-slideshow=\"47085b4\" data-elementor-lightbox-title=\"Schulschiff Deutschland im Neuen Hafen Bremerhavens\u00a9 Iven Kr\u00e4mer\" data-e-action-hash=\"#elementor-action%3Aaction%3Dlightbox%26settings%3DeyJpZCI6MTgxNCwidXJsIjoiaHR0cHM6XC9cL2RldXRzY2hlci1zY2hpZmZmYWhydHN0YWcuZGVcL3dwLWNvbnRlbnRcL3VwbG9hZHNcLzIwMjFcLzEwXC9Gb3RvLWZ1ZXItS2F0ZWdvcmllLU5hdXRpc2NoZXItRGlhbG9nLXNjYWxlZC5qcGciLCJzbGlkZXNob3ciOiI0NzA4NWI0In0%3D\">\n\t\t\t\t\t<div class=\"e-gallery-image elementor-gallery-item__image\" data-thumbnail=\"https:\/\/deutscher-schifffahrtstag.de\/wp-content\/uploads\/2021\/10\/Foto-fuer-Kategorie-Nautischer-Dialog-1024x768.jpg\" data-width=\"800\" data-height=\"600\" aria-label=\"\" role=\"img\" ><\/div>\n\t\t\t\t\t\t\t\t\t\t\t<div class=\"elementor-gallery-item__overlay\"><\/div>\n\t\t\t\t\t\t\t\t\t\t\t\t\t\t<\/a>\n\t\t\t\t\t\t\t<a class=\"e-gallery-item elementor-gallery-item elementor-animated-content\" href=\"https:\/\/deutscher-schifffahrtstag.de\/wp-content\/uploads\/2022\/03\/IMG_1940-scaled.jpg\" data-elementor-open-lightbox=\"yes\" data-elementor-lightbox-slideshow=\"47085b4\" data-elementor-lightbox-title=\"Gro\u00dfcontainerschiff in Bremerhaven (Foto: Iven Kr\u00e4mer)\" data-elementor-lightbox-description=\"Gro\u00dfcontainerschiff in Bremerhaven (Foto: Iven Kr\u00e4mer)\" data-e-action-hash=\"#elementor-action%3Aaction%3Dlightbox%26settings%3DeyJpZCI6NDAwMiwidXJsIjoiaHR0cHM6XC9cL2RldXRzY2hlci1zY2hpZmZmYWhydHN0YWcuZGVcL3dwLWNvbnRlbnRcL3VwbG9hZHNcLzIwMjJcLzAzXC9JTUdfMTk0MC1zY2FsZWQuanBnIiwic2xpZGVzaG93IjoiNDcwODViNCJ9\">\n\t\t\t\t\t<div class=\"e-gallery-image elementor-gallery-item__image\" data-thumbnail=\"https:\/\/deutscher-schifffahrtstag.de\/wp-content\/uploads\/2022\/03\/IMG_1940-1024x768.jpg\" data-width=\"800\" data-height=\"600\" aria-label=\"\" role=\"img\" ><\/div>\n\t\t\t\t\t\t\t\t\t\t\t<div class=\"elementor-gallery-item__overlay\"><\/div>\n\t\t\t\t\t\t\t\t\t\t\t\t\t\t<\/a>\n\t\t\t\t\t\t\t<a class=\"e-gallery-item elementor-gallery-item elementor-animated-content\" href=\"https:\/\/deutscher-schifffahrtstag.de\/wp-content\/uploads\/2022\/03\/193-1-scaled.jpg\" data-elementor-open-lightbox=\"yes\" data-elementor-lightbox-slideshow=\"47085b4\" data-elementor-lightbox-title=\"Tanker im Bremer H\u00fcttenhafen (Foto: Iven Kr\u00e4mer)\" data-e-action-hash=\"#elementor-action%3Aaction%3Dlightbox%26settings%3DeyJpZCI6Mzk4OCwidXJsIjoiaHR0cHM6XC9cL2RldXRzY2hlci1zY2hpZmZmYWhydHN0YWcuZGVcL3dwLWNvbnRlbnRcL3VwbG9hZHNcLzIwMjJcLzAzXC8xOTMtMS1zY2FsZWQuanBnIiwic2xpZGVzaG93IjoiNDcwODViNCJ9\">\n\t\t\t\t\t<div class=\"e-gallery-image elementor-gallery-item__image\" data-thumbnail=\"https:\/\/deutscher-schifffahrtstag.de\/wp-content\/uploads\/2022\/03\/193-1-1024x768.jpg\" data-width=\"800\" data-height=\"600\" aria-label=\"\" role=\"img\" ><\/div>\n\t\t\t\t\t\t\t\t\t\t\t<div class=\"elementor-gallery-item__overlay\"><\/div>\n\t\t\t\t\t\t\t\t\t\t\t\t\t\t<\/a>\n\t\t\t\t\t\t\t<a class=\"e-gallery-item elementor-gallery-item elementor-animated-content\" href=\"https:\/\/deutscher-schifffahrtstag.de\/wp-content\/uploads\/2022\/03\/178-scaled.jpg\" data-elementor-open-lightbox=\"yes\" data-elementor-lightbox-slideshow=\"47085b4\" data-elementor-lightbox-title=\"Passage durch den  Bremer H\u00fcttenhafen (Foto: Iven Kr\u00e4mer)\" data-e-action-hash=\"#elementor-action%3Aaction%3Dlightbox%26settings%3DeyJpZCI6Mzk5MCwidXJsIjoiaHR0cHM6XC9cL2RldXRzY2hlci1zY2hpZmZmYWhydHN0YWcuZGVcL3dwLWNvbnRlbnRcL3VwbG9hZHNcLzIwMjJcLzAzXC8xNzgtc2NhbGVkLmpwZyIsInNsaWRlc2hvdyI6IjQ3MDg1YjQifQ%3D%3D\">\n\t\t\t\t\t<div class=\"e-gallery-image elementor-gallery-item__image\" data-thumbnail=\"https:\/\/deutscher-schifffahrtstag.de\/wp-content\/uploads\/2022\/03\/178-1024x768.jpg\" data-width=\"800\" data-height=\"600\" aria-label=\"\" role=\"img\" ><\/div>\n\t\t\t\t\t\t\t\t\t\t\t<div class=\"elementor-gallery-item__overlay\"><\/div>\n\t\t\t\t\t\t\t\t\t\t\t\t\t\t<\/a>\n\t\t\t\t\t\t\t<a class=\"e-gallery-item elementor-gallery-item elementor-animated-content\" href=\"https:\/\/deutscher-schifffahrtstag.de\/wp-content\/uploads\/2022\/05\/Emelie-D.-2.png\" data-elementor-open-lightbox=\"yes\" data-elementor-lightbox-slideshow=\"47085b4\" data-elementor-lightbox-title=\"Emelie D. 2\" data-e-action-hash=\"#elementor-action%3Aaction%3Dlightbox%26settings%3DeyJpZCI6NDU2MCwidXJsIjoiaHR0cHM6XC9cL2RldXRzY2hlci1zY2hpZmZmYWhydHN0YWcuZGVcL3dwLWNvbnRlbnRcL3VwbG9hZHNcLzIwMjJcLzA1XC9FbWVsaWUtRC4tMi5wbmciLCJzbGlkZXNob3ciOiI0NzA4NWI0In0%3D\">\n\t\t\t\t\t<div class=\"e-gallery-image elementor-gallery-item__image\" data-thumbnail=\"https:\/\/deutscher-schifffahrtstag.de\/wp-content\/uploads\/2022\/05\/Emelie-D.-2-768x1024.png\" data-width=\"768\" data-height=\"1024\" aria-label=\"\" role=\"img\" ><\/div>\n\t\t\t\t\t\t\t\t\t\t\t<div class=\"elementor-gallery-item__overlay\"><\/div>\n\t\t\t\t\t\t\t\t\t\t\t\t\t\t<\/a>\n\t\t\t\t\t\t\t<a class=\"e-gallery-item elementor-gallery-item elementor-animated-content\" href=\"https:\/\/deutscher-schifffahrtstag.de\/wp-content\/uploads\/2022\/02\/PK4.jpg\" data-elementor-open-lightbox=\"yes\" data-elementor-lightbox-slideshow=\"47085b4\" data-elementor-lightbox-title=\"Der Blick zur\u00fcck auf das Fahrwasser eines Containerschiffes (Foto: Pit Kr\u00e4mer)\" data-e-action-hash=\"#elementor-action%3Aaction%3Dlightbox%26settings%3DeyJpZCI6MzE4OCwidXJsIjoiaHR0cHM6XC9cL2RldXRzY2hlci1zY2hpZmZmYWhydHN0YWcuZGVcL3dwLWNvbnRlbnRcL3VwbG9hZHNcLzIwMjJcLzAyXC9QSzQuanBnIiwic2xpZGVzaG93IjoiNDcwODViNCJ9\">\n\t\t\t\t\t<div class=\"e-gallery-image elementor-gallery-item__image\" data-thumbnail=\"https:\/\/deutscher-schifffahrtstag.de\/wp-content\/uploads\/2022\/02\/PK4-1024x577.jpg\" data-width=\"800\" data-height=\"451\" aria-label=\"\" role=\"img\" ><\/div>\n\t\t\t\t\t\t\t\t\t\t\t<div class=\"elementor-gallery-item__overlay\"><\/div>\n\t\t\t\t\t\t\t\t\t\t\t\t\t\t<\/a>\n\t\t\t\t\t\t\t<a class=\"e-gallery-item elementor-gallery-item elementor-animated-content\" href=\"https:\/\/deutscher-schifffahrtstag.de\/wp-content\/uploads\/2022\/03\/052-scaled.jpg\" data-elementor-open-lightbox=\"yes\" data-elementor-lightbox-slideshow=\"47085b4\" data-elementor-lightbox-title=\"Auf dem Weg nach Bremen (Foto: Iven Kr\u00e4mer)\" data-e-action-hash=\"#elementor-action%3Aaction%3Dlightbox%26settings%3DeyJpZCI6Mzk5MSwidXJsIjoiaHR0cHM6XC9cL2RldXRzY2hlci1zY2hpZmZmYWhydHN0YWcuZGVcL3dwLWNvbnRlbnRcL3VwbG9hZHNcLzIwMjJcLzAzXC8wNTItc2NhbGVkLmpwZyIsInNsaWRlc2hvdyI6IjQ3MDg1YjQifQ%3D%3D\">\n\t\t\t\t\t<div class=\"e-gallery-image elementor-gallery-item__image\" data-thumbnail=\"https:\/\/deutscher-schifffahrtstag.de\/wp-content\/uploads\/2022\/03\/052-1024x768.jpg\" data-width=\"800\" data-height=\"600\" aria-label=\"\" role=\"img\" ><\/div>\n\t\t\t\t\t\t\t\t\t\t\t<div class=\"elementor-gallery-item__overlay\"><\/div>\n\t\t\t\t\t\t\t\t\t\t\t\t\t\t<\/a>\n\t\t\t\t\t\t\t<a class=\"e-gallery-item elementor-gallery-item elementor-animated-content\" href=\"https:\/\/deutscher-schifffahrtstag.de\/wp-content\/uploads\/2022\/03\/2020_12_Schlachte-scaled.jpg\" data-elementor-open-lightbox=\"yes\" data-elementor-lightbox-slideshow=\"47085b4\" data-elementor-lightbox-title=\"Binnenschifffahrt in Bremen (Foto: Iven Kr\u00e4mer)\" data-e-action-hash=\"#elementor-action%3Aaction%3Dlightbox%26settings%3DeyJpZCI6NDAyMCwidXJsIjoiaHR0cHM6XC9cL2RldXRzY2hlci1zY2hpZmZmYWhydHN0YWcuZGVcL3dwLWNvbnRlbnRcL3VwbG9hZHNcLzIwMjJcLzAzXC8yMDIwXzEyX1NjaGxhY2h0ZS1zY2FsZWQuanBnIiwic2xpZGVzaG93IjoiNDcwODViNCJ9\">\n\t\t\t\t\t<div class=\"e-gallery-image elementor-gallery-item__image\" data-thumbnail=\"https:\/\/deutscher-schifffahrtstag.de\/wp-content\/uploads\/2022\/03\/2020_12_Schlachte-1024x768.jpg\" data-width=\"800\" data-height=\"600\" aria-label=\"\" role=\"img\" ><\/div>\n\t\t\t\t\t\t\t\t\t\t\t<div class=\"elementor-gallery-item__overlay\"><\/div>\n\t\t\t\t\t\t\t\t\t\t\t\t\t\t<\/a>\n\t\t\t\t\t\t\t<a class=\"e-gallery-item elementor-gallery-item elementor-animated-content\" href=\"https:\/\/deutscher-schifffahrtstag.de\/wp-content\/uploads\/2022\/03\/2019_01b_Schlachte-scaled.jpg\" data-elementor-open-lightbox=\"yes\" data-elementor-lightbox-slideshow=\"47085b4\" data-elementor-lightbox-title=\"Binnenschifffahrt in Bremen (Foto: Iven Kr\u00e4mer)\" data-e-action-hash=\"#elementor-action%3Aaction%3Dlightbox%26settings%3DeyJpZCI6NDAxOSwidXJsIjoiaHR0cHM6XC9cL2RldXRzY2hlci1zY2hpZmZmYWhydHN0YWcuZGVcL3dwLWNvbnRlbnRcL3VwbG9hZHNcLzIwMjJcLzAzXC8yMDE5XzAxYl9TY2hsYWNodGUtc2NhbGVkLmpwZyIsInNsaWRlc2hvdyI6IjQ3MDg1YjQifQ%3D%3D\">\n\t\t\t\t\t<div class=\"e-gallery-image elementor-gallery-item__image\" data-thumbnail=\"https:\/\/deutscher-schifffahrtstag.de\/wp-content\/uploads\/2022\/03\/2019_01b_Schlachte-1024x768.jpg\" data-width=\"800\" data-height=\"600\" aria-label=\"\" role=\"img\" ><\/div>\n\t\t\t\t\t\t\t\t\t\t\t<div class=\"elementor-gallery-item__overlay\"><\/div>\n\t\t\t\t\t\t\t\t\t\t\t\t\t\t<\/a>\n\t\t\t\t\t\t\t<a class=\"e-gallery-item elementor-gallery-item elementor-animated-content\" href=\"https:\/\/deutscher-schifffahrtstag.de\/wp-content\/uploads\/2022\/03\/8-scaled.jpg\" data-elementor-open-lightbox=\"yes\" data-elementor-lightbox-slideshow=\"47085b4\" data-elementor-lightbox-title=\"Weser Stahl vor Bremerhaven (Foto: Iven Kr\u00e4mer)\" data-e-action-hash=\"#elementor-action%3Aaction%3Dlightbox%26settings%3DeyJpZCI6Mzk1MywidXJsIjoiaHR0cHM6XC9cL2RldXRzY2hlci1zY2hpZmZmYWhydHN0YWcuZGVcL3dwLWNvbnRlbnRcL3VwbG9hZHNcLzIwMjJcLzAzXC84LXNjYWxlZC5qcGciLCJzbGlkZXNob3ciOiI0NzA4NWI0In0%3D\">\n\t\t\t\t\t<div class=\"e-gallery-image elementor-gallery-item__image\" data-thumbnail=\"https:\/\/deutscher-schifffahrtstag.de\/wp-content\/uploads\/2022\/03\/8-1024x768.jpg\" data-width=\"800\" data-height=\"600\" aria-label=\"\" role=\"img\" ><\/div>\n\t\t\t\t\t\t\t\t\t\t\t<div class=\"elementor-gallery-item__overlay\"><\/div>\n\t\t\t\t\t\t\t\t\t\t\t\t\t\t<\/a>\n\t\t\t\t\t\t\t<a class=\"e-gallery-item elementor-gallery-item elementor-animated-content\" href=\"https:\/\/deutscher-schifffahrtstag.de\/wp-content\/uploads\/2021\/11\/Pit-3-e1637076902147.jpg\" data-elementor-open-lightbox=\"yes\" data-elementor-lightbox-slideshow=\"47085b4\" data-elementor-lightbox-title=\"Passage durch den Nord-Ostsee-Kanal (Foto: Pit Kr\u00e4mer)\" data-e-action-hash=\"#elementor-action%3Aaction%3Dlightbox%26settings%3DeyJpZCI6MjExMCwidXJsIjoiaHR0cHM6XC9cL2RldXRzY2hlci1zY2hpZmZmYWhydHN0YWcuZGVcL3dwLWNvbnRlbnRcL3VwbG9hZHNcLzIwMjFcLzExXC9QaXQtMy1lMTYzNzA3NjkwMjE0Ny5qcGciLCJzbGlkZXNob3ciOiI0NzA4NWI0In0%3D\">\n\t\t\t\t\t<div class=\"e-gallery-image elementor-gallery-item__image\" data-thumbnail=\"https:\/\/deutscher-schifffahrtstag.de\/wp-content\/uploads\/2021\/11\/Pit-3-e1637076902147-1024x576.jpg\" data-width=\"800\" data-height=\"450\" aria-label=\"\" role=\"img\" ><\/div>\n\t\t\t\t\t\t\t\t\t\t\t<div class=\"elementor-gallery-item__overlay\"><\/div>\n\t\t\t\t\t\t\t\t\t\t\t\t\t\t<\/a>\n\t\t\t\t\t\t\t<a class=\"e-gallery-item elementor-gallery-item elementor-animated-content\" href=\"https:\/\/deutscher-schifffahrtstag.de\/wp-content\/uploads\/2022\/01\/Bremerhaven-3.jpg\" data-elementor-open-lightbox=\"yes\" data-elementor-lightbox-slideshow=\"47085b4\" data-elementor-lightbox-title=\"Neuer Hafen Bremerhaven (Foto: Iven Kr\u00e4mer)\" data-e-action-hash=\"#elementor-action%3Aaction%3Dlightbox%26settings%3DeyJpZCI6MjY3MCwidXJsIjoiaHR0cHM6XC9cL2RldXRzY2hlci1zY2hpZmZmYWhydHN0YWcuZGVcL3dwLWNvbnRlbnRcL3VwbG9hZHNcLzIwMjJcLzAxXC9CcmVtZXJoYXZlbi0zLmpwZyIsInNsaWRlc2hvdyI6IjQ3MDg1YjQifQ%3D%3D\">\n\t\t\t\t\t<div class=\"e-gallery-image elementor-gallery-item__image\" data-thumbnail=\"https:\/\/deutscher-schifffahrtstag.de\/wp-content\/uploads\/2022\/01\/Bremerhaven-3-1024x768.jpg\" data-width=\"800\" data-height=\"600\" aria-label=\"\" role=\"img\" ><\/div>\n\t\t\t\t\t\t\t\t\t\t\t<div class=\"elementor-gallery-item__overlay\"><\/div>\n\t\t\t\t\t\t\t\t\t\t\t\t\t\t<\/a>\n\t\t\t\t\t\t\t<a class=\"e-gallery-item elementor-gallery-item elementor-animated-content\" href=\"https:\/\/deutscher-schifffahrtstag.de\/wp-content\/uploads\/2022\/03\/11-scaled.jpg\" data-elementor-open-lightbox=\"yes\" data-elementor-lightbox-slideshow=\"47085b4\" data-elementor-lightbox-title=\"Man\u00f6verfahrt in Bremerhaven (Foto: Iven Kr\u00e4mer)\" data-e-action-hash=\"#elementor-action%3Aaction%3Dlightbox%26settings%3DeyJpZCI6Mzk1MSwidXJsIjoiaHR0cHM6XC9cL2RldXRzY2hlci1zY2hpZmZmYWhydHN0YWcuZGVcL3dwLWNvbnRlbnRcL3VwbG9hZHNcLzIwMjJcLzAzXC8xMS1zY2FsZWQuanBnIiwic2xpZGVzaG93IjoiNDcwODViNCJ9\">\n\t\t\t\t\t<div class=\"e-gallery-image elementor-gallery-item__image\" data-thumbnail=\"https:\/\/deutscher-schifffahrtstag.de\/wp-content\/uploads\/2022\/03\/11-1024x768.jpg\" data-width=\"800\" data-height=\"600\" aria-label=\"\" role=\"img\" ><\/div>\n\t\t\t\t\t\t\t\t\t\t\t<div class=\"elementor-gallery-item__overlay\"><\/div>\n\t\t\t\t\t\t\t\t\t\t\t\t\t\t<\/a>\n\t\t\t\t\t\t\t<a class=\"e-gallery-item elementor-gallery-item elementor-animated-content\" href=\"https:\/\/deutscher-schifffahrtstag.de\/wp-content\/uploads\/2022\/02\/zb-bremen-36186-scaled.jpg\" data-elementor-open-lightbox=\"yes\" data-elementor-lightbox-slideshow=\"47085b4\" data-elementor-lightbox-title=\"Bremen\" data-elementor-lightbox-description=\"Eigner: \tWasserzolldienstes Bremerhaven \/ Schiffstyp: Zollboot \/ L\u00e4nge: 24 m \/ Breite: 6,5 m \/ Stapellauf: 2019\" data-e-action-hash=\"#elementor-action%3Aaction%3Dlightbox%26settings%3DeyJpZCI6MzQzMCwidXJsIjoiaHR0cHM6XC9cL2RldXRzY2hlci1zY2hpZmZmYWhydHN0YWcuZGVcL3dwLWNvbnRlbnRcL3VwbG9hZHNcLzIwMjJcLzAyXC96Yi1icmVtZW4tMzYxODYtc2NhbGVkLmpwZyIsInNsaWRlc2hvdyI6IjQ3MDg1YjQifQ%3D%3D\">\n\t\t\t\t\t<div class=\"e-gallery-image elementor-gallery-item__image\" data-thumbnail=\"https:\/\/deutscher-schifffahrtstag.de\/wp-content\/uploads\/2022\/02\/zb-bremen-36186-1024x545.jpg\" data-width=\"800\" data-height=\"426\" aria-label=\"\" role=\"img\" ><\/div>\n\t\t\t\t\t\t\t\t\t\t\t<div class=\"elementor-gallery-item__overlay\"><\/div>\n\t\t\t\t\t\t\t\t\t\t\t\t\t\t<\/a>\n\t\t\t\t\t\t\t<a class=\"e-gallery-item elementor-gallery-item elementor-animated-content\" href=\"https:\/\/deutscher-schifffahrtstag.de\/wp-content\/uploads\/2021\/10\/Ausrichter-des-Deutschen-Schifffahrtstages-2022-in-Bremen-und-Bremerhaven-scaled.jpg\" data-elementor-open-lightbox=\"yes\" data-elementor-lightbox-slideshow=\"47085b4\" data-elementor-lightbox-title=\"Ausrichter des Deutschen Schifffahrtstages 2022 in Bremen und Bremerhaven \/ \u00a9 DNV\" data-e-action-hash=\"#elementor-action%3Aaction%3Dlightbox%26settings%3DeyJpZCI6MTQxMywidXJsIjoiaHR0cHM6XC9cL2RldXRzY2hlci1zY2hpZmZmYWhydHN0YWcuZGVcL3dwLWNvbnRlbnRcL3VwbG9hZHNcLzIwMjFcLzEwXC9BdXNyaWNodGVyLWRlcy1EZXV0c2NoZW4tU2NoaWZmZmFocnRzdGFnZXMtMjAyMi1pbi1CcmVtZW4tdW5kLUJyZW1lcmhhdmVuLXNjYWxlZC5qcGciLCJzbGlkZXNob3ciOiI0NzA4NWI0In0%3D\">\n\t\t\t\t\t<div class=\"e-gallery-image elementor-gallery-item__image\" data-thumbnail=\"https:\/\/deutscher-schifffahrtstag.de\/wp-content\/uploads\/2021\/10\/Ausrichter-des-Deutschen-Schifffahrtstages-2022-in-Bremen-und-Bremerhaven-1024x683.jpg\" data-width=\"800\" data-height=\"534\" aria-label=\"\" role=\"img\" ><\/div>\n\t\t\t\t\t\t\t\t\t\t\t<div class=\"elementor-gallery-item__overlay\"><\/div>\n\t\t\t\t\t\t\t\t\t\t\t\t\t\t<\/a>\n\t\t\t\t\t\t\t<a class=\"e-gallery-item elementor-gallery-item elementor-animated-content\" href=\"https:\/\/deutscher-schifffahrtstag.de\/wp-content\/uploads\/2021\/10\/Foto-2-scaled.jpg\" data-elementor-open-lightbox=\"yes\" data-elementor-lightbox-slideshow=\"47085b4\" data-elementor-lightbox-title=\"Tradition trifft Moderne in Wilhelmshaven  (Foto: Matthias L\u00fcdecke)\" data-e-action-hash=\"#elementor-action%3Aaction%3Dlightbox%26settings%3DeyJpZCI6MTg1NywidXJsIjoiaHR0cHM6XC9cL2RldXRzY2hlci1zY2hpZmZmYWhydHN0YWcuZGVcL3dwLWNvbnRlbnRcL3VwbG9hZHNcLzIwMjFcLzEwXC9Gb3RvLTItc2NhbGVkLmpwZyIsInNsaWRlc2hvdyI6IjQ3MDg1YjQifQ%3D%3D\">\n\t\t\t\t\t<div class=\"e-gallery-image elementor-gallery-item__image\" data-thumbnail=\"https:\/\/deutscher-schifffahrtstag.de\/wp-content\/uploads\/2021\/10\/Foto-2-1024x693.jpg\" data-width=\"800\" data-height=\"541\" aria-label=\"\" role=\"img\" ><\/div>\n\t\t\t\t\t\t\t\t\t\t\t<div class=\"elementor-gallery-item__overlay\"><\/div>\n\t\t\t\t\t\t\t\t\t\t\t\t\t\t<\/a>\n\t\t\t\t\t\t\t<a class=\"e-gallery-item elementor-gallery-item elementor-animated-content\" href=\"https:\/\/deutscher-schifffahrtstag.de\/wp-content\/uploads\/2022\/03\/IMG_1977-1-scaled.jpg\" data-elementor-open-lightbox=\"yes\" data-elementor-lightbox-slideshow=\"47085b4\" data-elementor-lightbox-title=\"Begegnung auf der Nordsee (Foto: Iven Kr\u00e4mer)\" data-e-action-hash=\"#elementor-action%3Aaction%3Dlightbox%26settings%3DeyJpZCI6NDAwNCwidXJsIjoiaHR0cHM6XC9cL2RldXRzY2hlci1zY2hpZmZmYWhydHN0YWcuZGVcL3dwLWNvbnRlbnRcL3VwbG9hZHNcLzIwMjJcLzAzXC9JTUdfMTk3Ny0xLXNjYWxlZC5qcGciLCJzbGlkZXNob3ciOiI0NzA4NWI0In0%3D\">\n\t\t\t\t\t<div class=\"e-gallery-image elementor-gallery-item__image\" data-thumbnail=\"https:\/\/deutscher-schifffahrtstag.de\/wp-content\/uploads\/2022\/03\/IMG_1977-1-1024x768.jpg\" data-width=\"800\" data-height=\"600\" aria-label=\"\" role=\"img\" ><\/div>\n\t\t\t\t\t\t\t\t\t\t\t<div class=\"elementor-gallery-item__overlay\"><\/div>\n\t\t\t\t\t\t\t\t\t\t\t\t\t\t<\/a>\n\t\t\t\t\t\t\t<a class=\"e-gallery-item elementor-gallery-item elementor-animated-content\" href=\"https:\/\/deutscher-schifffahrtstag.de\/wp-content\/uploads\/2022\/03\/12-1-scaled.jpg\" data-elementor-open-lightbox=\"yes\" data-elementor-lightbox-slideshow=\"47085b4\" data-elementor-lightbox-title=\"Plimsoll Markierung - frisch gestrichen  (Foto: Iven Kr\u00e4mer)\" data-e-action-hash=\"#elementor-action%3Aaction%3Dlightbox%26settings%3DeyJpZCI6Mzk1OSwidXJsIjoiaHR0cHM6XC9cL2RldXRzY2hlci1zY2hpZmZmYWhydHN0YWcuZGVcL3dwLWNvbnRlbnRcL3VwbG9hZHNcLzIwMjJcLzAzXC8xMi0xLXNjYWxlZC5qcGciLCJzbGlkZXNob3ciOiI0NzA4NWI0In0%3D\">\n\t\t\t\t\t<div class=\"e-gallery-image elementor-gallery-item__image\" data-thumbnail=\"https:\/\/deutscher-schifffahrtstag.de\/wp-content\/uploads\/2022\/03\/12-1-1024x768.jpg\" data-width=\"800\" data-height=\"600\" aria-label=\"\" role=\"img\" ><\/div>\n\t\t\t\t\t\t\t\t\t\t\t<div class=\"elementor-gallery-item__overlay\"><\/div>\n\t\t\t\t\t\t\t\t\t\t\t\t\t\t<\/a>\n\t\t\t\t\t\t\t<a class=\"e-gallery-item elementor-gallery-item elementor-animated-content\" href=\"https:\/\/deutscher-schifffahrtstag.de\/wp-content\/uploads\/2022\/02\/PK3.jpg\" data-elementor-open-lightbox=\"yes\" data-elementor-lightbox-slideshow=\"47085b4\" data-elementor-lightbox-title=\"Bianca Rambow im Hafen (Foto: Pit Kr\u00e4mer)\" data-e-action-hash=\"#elementor-action%3Aaction%3Dlightbox%26settings%3DeyJpZCI6MzE4NywidXJsIjoiaHR0cHM6XC9cL2RldXRzY2hlci1zY2hpZmZmYWhydHN0YWcuZGVcL3dwLWNvbnRlbnRcL3VwbG9hZHNcLzIwMjJcLzAyXC9QSzMuanBnIiwic2xpZGVzaG93IjoiNDcwODViNCJ9\">\n\t\t\t\t\t<div class=\"e-gallery-image elementor-gallery-item__image\" data-thumbnail=\"https:\/\/deutscher-schifffahrtstag.de\/wp-content\/uploads\/2022\/02\/PK3-1024x577.jpg\" data-width=\"800\" data-height=\"451\" aria-label=\"\" role=\"img\" ><\/div>\n\t\t\t\t\t\t\t\t\t\t\t<div class=\"elementor-gallery-item__overlay\"><\/div>\n\t\t\t\t\t\t\t\t\t\t\t\t\t\t<\/a>\n\t\t\t\t\t\t\t<a class=\"e-gallery-item elementor-gallery-item elementor-animated-content\" href=\"https:\/\/deutscher-schifffahrtstag.de\/wp-content\/uploads\/2022\/03\/7-scaled.jpg\" data-elementor-open-lightbox=\"yes\" data-elementor-lightbox-slideshow=\"47085b4\" data-elementor-lightbox-title=\"Lotsen-Stationsschiff Weser an der Seeb\u00e4derkaje\" data-e-action-hash=\"#elementor-action%3Aaction%3Dlightbox%26settings%3DeyJpZCI6Mzk0OCwidXJsIjoiaHR0cHM6XC9cL2RldXRzY2hlci1zY2hpZmZmYWhydHN0YWcuZGVcL3dwLWNvbnRlbnRcL3VwbG9hZHNcLzIwMjJcLzAzXC83LXNjYWxlZC5qcGciLCJzbGlkZXNob3ciOiI0NzA4NWI0In0%3D\">\n\t\t\t\t\t<div class=\"e-gallery-image elementor-gallery-item__image\" data-thumbnail=\"https:\/\/deutscher-schifffahrtstag.de\/wp-content\/uploads\/2022\/03\/7-1024x768.jpg\" data-width=\"800\" data-height=\"600\" aria-label=\"\" role=\"img\" ><\/div>\n\t\t\t\t\t\t\t\t\t\t\t<div class=\"elementor-gallery-item__overlay\"><\/div>\n\t\t\t\t\t\t\t\t\t\t\t\t\t\t<\/a>\n\t\t\t\t\t\t\t<a class=\"e-gallery-item elementor-gallery-item elementor-animated-content\" href=\"https:\/\/deutscher-schifffahrtstag.de\/wp-content\/uploads\/2022\/03\/IMG_0377-1-scaled.jpg\" data-elementor-open-lightbox=\"yes\" data-elementor-lightbox-slideshow=\"47085b4\" data-elementor-lightbox-title=\"Lotsen auf ihrem Arbeitsweg in  Bremerhaven (Foto: Iven Kr\u00e4mer)\" data-e-action-hash=\"#elementor-action%3Aaction%3Dlightbox%26settings%3DeyJpZCI6NDAxNiwidXJsIjoiaHR0cHM6XC9cL2RldXRzY2hlci1zY2hpZmZmYWhydHN0YWcuZGVcL3dwLWNvbnRlbnRcL3VwbG9hZHNcLzIwMjJcLzAzXC9JTUdfMDM3Ny0xLXNjYWxlZC5qcGciLCJzbGlkZXNob3ciOiI0NzA4NWI0In0%3D\">\n\t\t\t\t\t<div class=\"e-gallery-image elementor-gallery-item__image\" data-thumbnail=\"https:\/\/deutscher-schifffahrtstag.de\/wp-content\/uploads\/2022\/03\/IMG_0377-1-1024x683.jpg\" data-width=\"800\" data-height=\"534\" aria-label=\"\" role=\"img\" ><\/div>\n\t\t\t\t\t\t\t\t\t\t\t<div class=\"elementor-gallery-item__overlay\"><\/div>\n\t\t\t\t\t\t\t\t\t\t\t\t\t\t<\/a>\n\t\t\t\t\t\t\t<a class=\"e-gallery-item elementor-gallery-item elementor-animated-content\" href=\"https:\/\/deutscher-schifffahrtstag.de\/wp-content\/uploads\/2022\/03\/13-scaled.jpg\" data-elementor-open-lightbox=\"yes\" data-elementor-lightbox-slideshow=\"47085b4\" data-elementor-lightbox-title=\"Voll voraus (Foto: Iven Kr\u00e4mer)\" data-e-action-hash=\"#elementor-action%3Aaction%3Dlightbox%26settings%3DeyJpZCI6Mzk1MiwidXJsIjoiaHR0cHM6XC9cL2RldXRzY2hlci1zY2hpZmZmYWhydHN0YWcuZGVcL3dwLWNvbnRlbnRcL3VwbG9hZHNcLzIwMjJcLzAzXC8xMy1zY2FsZWQuanBnIiwic2xpZGVzaG93IjoiNDcwODViNCJ9\">\n\t\t\t\t\t<div class=\"e-gallery-image elementor-gallery-item__image\" data-thumbnail=\"https:\/\/deutscher-schifffahrtstag.de\/wp-content\/uploads\/2022\/03\/13-768x1024.jpg\" data-width=\"768\" data-height=\"1024\" aria-label=\"\" role=\"img\" ><\/div>\n\t\t\t\t\t\t\t\t\t\t\t<div class=\"elementor-gallery-item__overlay\"><\/div>\n\t\t\t\t\t\t\t\t\t\t\t\t\t\t<\/a>\n\t\t\t\t\t\t\t<a class=\"e-gallery-item elementor-gallery-item elementor-animated-content\" href=\"https:\/\/deutscher-schifffahrtstag.de\/wp-content\/uploads\/2022\/02\/PK6.jpg\" data-elementor-open-lightbox=\"yes\" data-elementor-lightbox-slideshow=\"47085b4\" data-elementor-lightbox-title=\"Frische Farbe f\u00fcr den Wulstbug der Bianca Rambow (Foto: Pit Kr\u00e4mer)\" data-e-action-hash=\"#elementor-action%3Aaction%3Dlightbox%26settings%3DeyJpZCI6MzE5MCwidXJsIjoiaHR0cHM6XC9cL2RldXRzY2hlci1zY2hpZmZmYWhydHN0YWcuZGVcL3dwLWNvbnRlbnRcL3VwbG9hZHNcLzIwMjJcLzAyXC9QSzYuanBnIiwic2xpZGVzaG93IjoiNDcwODViNCJ9\">\n\t\t\t\t\t<div class=\"e-gallery-image elementor-gallery-item__image\" data-thumbnail=\"https:\/\/deutscher-schifffahrtstag.de\/wp-content\/uploads\/2022\/02\/PK6-1024x576.jpg\" data-width=\"800\" data-height=\"450\" aria-label=\"\" role=\"img\" ><\/div>\n\t\t\t\t\t\t\t\t\t\t\t<div class=\"elementor-gallery-item__overlay\"><\/div>\n\t\t\t\t\t\t\t\t\t\t\t\t\t\t<\/a>\n\t\t\t\t\t\t\t<a class=\"e-gallery-item elementor-gallery-item elementor-animated-content\" href=\"https:\/\/deutscher-schifffahrtstag.de\/wp-content\/uploads\/2021\/11\/Pit-5-e1637076952943.jpg\" data-elementor-open-lightbox=\"yes\" data-elementor-lightbox-slideshow=\"47085b4\" data-elementor-lightbox-title=\"Container-Feederschiff  Bianca Rambow am Containerterminal Bremerhaven (Foto: Pit Kr\u00e4mer)\" data-e-action-hash=\"#elementor-action%3Aaction%3Dlightbox%26settings%3DeyJpZCI6MjExMiwidXJsIjoiaHR0cHM6XC9cL2RldXRzY2hlci1zY2hpZmZmYWhydHN0YWcuZGVcL3dwLWNvbnRlbnRcL3VwbG9hZHNcLzIwMjFcLzExXC9QaXQtNS1lMTYzNzA3Njk1Mjk0My5qcGciLCJzbGlkZXNob3ciOiI0NzA4NWI0In0%3D\">\n\t\t\t\t\t<div class=\"e-gallery-image elementor-gallery-item__image\" data-thumbnail=\"https:\/\/deutscher-schifffahrtstag.de\/wp-content\/uploads\/2021\/11\/Pit-5-e1637076952943-1024x576.jpg\" data-width=\"800\" data-height=\"450\" aria-label=\"\" role=\"img\" ><\/div>\n\t\t\t\t\t\t\t\t\t\t\t<div class=\"elementor-gallery-item__overlay\"><\/div>\n\t\t\t\t\t\t\t\t\t\t\t\t\t\t<\/a>\n\t\t\t\t\t\t\t<a class=\"e-gallery-item elementor-gallery-item elementor-animated-content\" href=\"https:\/\/deutscher-schifffahrtstag.de\/wp-content\/uploads\/2022\/01\/Bremerhaven-1.jpg\" data-elementor-open-lightbox=\"yes\" data-elementor-lightbox-slideshow=\"47085b4\" data-elementor-lightbox-title=\"Emma vor dem Bremerhavener Klimahaus (Foto: Iven Kr\u00e4mer)\" data-e-action-hash=\"#elementor-action%3Aaction%3Dlightbox%26settings%3DeyJpZCI6MjY2OCwidXJsIjoiaHR0cHM6XC9cL2RldXRzY2hlci1zY2hpZmZmYWhydHN0YWcuZGVcL3dwLWNvbnRlbnRcL3VwbG9hZHNcLzIwMjJcLzAxXC9CcmVtZXJoYXZlbi0xLmpwZyIsInNsaWRlc2hvdyI6IjQ3MDg1YjQifQ%3D%3D\">\n\t\t\t\t\t<div class=\"e-gallery-image elementor-gallery-item__image\" data-thumbnail=\"https:\/\/deutscher-schifffahrtstag.de\/wp-content\/uploads\/2022\/01\/Bremerhaven-1-768x1024.jpg\" data-width=\"768\" data-height=\"1024\" aria-label=\"\" role=\"img\" ><\/div>\n\t\t\t\t\t\t\t\t\t\t\t<div class=\"elementor-gallery-item__overlay\"><\/div>\n\t\t\t\t\t\t\t\t\t\t\t\t\t\t<\/a>\n\t\t\t\t\t\t\t<a class=\"e-gallery-item elementor-gallery-item elementor-animated-content\" href=\"https:\/\/deutscher-schifffahrtstag.de\/wp-content\/uploads\/2022\/03\/2019_01a_Schlachte-scaled.jpg\" data-elementor-open-lightbox=\"yes\" data-elementor-lightbox-slideshow=\"47085b4\" data-elementor-lightbox-title=\"Binnenschifffahrt in Bremen (Foto: Iven Kr\u00e4mer)\" data-e-action-hash=\"#elementor-action%3Aaction%3Dlightbox%26settings%3DeyJpZCI6NDAxOCwidXJsIjoiaHR0cHM6XC9cL2RldXRzY2hlci1zY2hpZmZmYWhydHN0YWcuZGVcL3dwLWNvbnRlbnRcL3VwbG9hZHNcLzIwMjJcLzAzXC8yMDE5XzAxYV9TY2hsYWNodGUtc2NhbGVkLmpwZyIsInNsaWRlc2hvdyI6IjQ3MDg1YjQifQ%3D%3D\">\n\t\t\t\t\t<div class=\"e-gallery-image elementor-gallery-item__image\" data-thumbnail=\"https:\/\/deutscher-schifffahrtstag.de\/wp-content\/uploads\/2022\/03\/2019_01a_Schlachte-1024x768.jpg\" data-width=\"800\" data-height=\"600\" aria-label=\"\" role=\"img\" ><\/div>\n\t\t\t\t\t\t\t\t\t\t\t<div class=\"elementor-gallery-item__overlay\"><\/div>\n\t\t\t\t\t\t\t\t\t\t\t\t\t\t<\/a>\n\t\t\t\t\t\t\t<a class=\"e-gallery-item elementor-gallery-item elementor-animated-content\" href=\"https:\/\/deutscher-schifffahrtstag.de\/wp-content\/uploads\/2022\/03\/137-scaled.jpg\" data-elementor-open-lightbox=\"yes\" data-elementor-lightbox-slideshow=\"47085b4\" data-elementor-lightbox-title=\"137\" data-e-action-hash=\"#elementor-action%3Aaction%3Dlightbox%26settings%3DeyJpZCI6Mzk4NiwidXJsIjoiaHR0cHM6XC9cL2RldXRzY2hlci1zY2hpZmZmYWhydHN0YWcuZGVcL3dwLWNvbnRlbnRcL3VwbG9hZHNcLzIwMjJcLzAzXC8xMzctc2NhbGVkLmpwZyIsInNsaWRlc2hvdyI6IjQ3MDg1YjQifQ%3D%3D\">\n\t\t\t\t\t<div class=\"e-gallery-image elementor-gallery-item__image\" data-thumbnail=\"https:\/\/deutscher-schifffahrtstag.de\/wp-content\/uploads\/2022\/03\/137-768x1024.jpg\" data-width=\"768\" data-height=\"1024\" aria-label=\"\" role=\"img\" ><\/div>\n\t\t\t\t\t\t\t\t\t\t\t<div class=\"elementor-gallery-item__overlay\"><\/div>\n\t\t\t\t\t\t\t\t\t\t\t\t\t\t<\/a>\n\t\t\t\t\t\t\t<a class=\"e-gallery-item elementor-gallery-item elementor-animated-content\" href=\"https:\/\/deutscher-schifffahrtstag.de\/wp-content\/uploads\/2022\/03\/3-scaled.jpg\" data-elementor-open-lightbox=\"yes\" data-elementor-lightbox-slideshow=\"47085b4\" data-elementor-lightbox-title=\"Hafeneinfahrt nach Rostock (Foto: Iven Kr\u00e4mer)\" data-e-action-hash=\"#elementor-action%3Aaction%3Dlightbox%26settings%3DeyJpZCI6Mzk0OSwidXJsIjoiaHR0cHM6XC9cL2RldXRzY2hlci1zY2hpZmZmYWhydHN0YWcuZGVcL3dwLWNvbnRlbnRcL3VwbG9hZHNcLzIwMjJcLzAzXC8zLXNjYWxlZC5qcGciLCJzbGlkZXNob3ciOiI0NzA4NWI0In0%3D\">\n\t\t\t\t\t<div class=\"e-gallery-image elementor-gallery-item__image\" data-thumbnail=\"https:\/\/deutscher-schifffahrtstag.de\/wp-content\/uploads\/2022\/03\/3-1024x768.jpg\" data-width=\"800\" data-height=\"600\" aria-label=\"\" role=\"img\" ><\/div>\n\t\t\t\t\t\t\t\t\t\t\t<div class=\"elementor-gallery-item__overlay\"><\/div>\n\t\t\t\t\t\t\t\t\t\t\t\t\t\t<\/a>\n\t\t\t\t\t\t\t<a class=\"e-gallery-item elementor-gallery-item elementor-animated-content\" href=\"https:\/\/deutscher-schifffahrtstag.de\/wp-content\/uploads\/2022\/03\/IMG_1976-1-scaled.jpg\" data-elementor-open-lightbox=\"yes\" data-elementor-lightbox-slideshow=\"47085b4\" data-elementor-lightbox-title=\"Steuerstand eines Gro\u00dfcontainerschiffes (Foto: Iven Kr\u00e4mer)\" data-e-action-hash=\"#elementor-action%3Aaction%3Dlightbox%26settings%3DeyJpZCI6NDAwMywidXJsIjoiaHR0cHM6XC9cL2RldXRzY2hlci1zY2hpZmZmYWhydHN0YWcuZGVcL3dwLWNvbnRlbnRcL3VwbG9hZHNcLzIwMjJcLzAzXC9JTUdfMTk3Ni0xLXNjYWxlZC5qcGciLCJzbGlkZXNob3ciOiI0NzA4NWI0In0%3D\">\n\t\t\t\t\t<div class=\"e-gallery-image elementor-gallery-item__image\" data-thumbnail=\"https:\/\/deutscher-schifffahrtstag.de\/wp-content\/uploads\/2022\/03\/IMG_1976-1-768x1024.jpg\" data-width=\"768\" data-height=\"1024\" aria-label=\"\" role=\"img\" ><\/div>\n\t\t\t\t\t\t\t\t\t\t\t<div class=\"elementor-gallery-item__overlay\"><\/div>\n\t\t\t\t\t\t\t\t\t\t\t\t\t\t<\/a>\n\t\t\t\t\t\t\t<a class=\"e-gallery-item elementor-gallery-item elementor-animated-content\" href=\"https:\/\/deutscher-schifffahrtstag.de\/wp-content\/uploads\/2022\/02\/PK1.jpg\" data-elementor-open-lightbox=\"yes\" data-elementor-lightbox-slideshow=\"47085b4\" data-elementor-lightbox-title=\"Ein Lotse auf dem Weg zu seiner Arbeit (Foto: Pit Kr\u00e4mer)\" data-e-action-hash=\"#elementor-action%3Aaction%3Dlightbox%26settings%3DeyJpZCI6MzE4NSwidXJsIjoiaHR0cHM6XC9cL2RldXRzY2hlci1zY2hpZmZmYWhydHN0YWcuZGVcL3dwLWNvbnRlbnRcL3VwbG9hZHNcLzIwMjJcLzAyXC9QSzEuanBnIiwic2xpZGVzaG93IjoiNDcwODViNCJ9\">\n\t\t\t\t\t<div class=\"e-gallery-image elementor-gallery-item__image\" data-thumbnail=\"https:\/\/deutscher-schifffahrtstag.de\/wp-content\/uploads\/2022\/02\/PK1-1024x577.jpg\" data-width=\"800\" data-height=\"451\" aria-label=\"\" role=\"img\" ><\/div>\n\t\t\t\t\t\t\t\t\t\t\t<div class=\"elementor-gallery-item__overlay\"><\/div>\n\t\t\t\t\t\t\t\t\t\t\t\t\t\t<\/a>\n\t\t\t\t\t\t\t<a class=\"e-gallery-item elementor-gallery-item elementor-animated-content\" href=\"https:\/\/deutscher-schifffahrtstag.de\/wp-content\/uploads\/2022\/03\/025-1-scaled.jpg\" data-elementor-open-lightbox=\"yes\" data-elementor-lightbox-slideshow=\"47085b4\" data-elementor-lightbox-title=\"Auf dem Weg nach Bremen (Foto: Iven Kr\u00e4mer)\" data-e-action-hash=\"#elementor-action%3Aaction%3Dlightbox%26settings%3DeyJpZCI6Mzk5MiwidXJsIjoiaHR0cHM6XC9cL2RldXRzY2hlci1zY2hpZmZmYWhydHN0YWcuZGVcL3dwLWNvbnRlbnRcL3VwbG9hZHNcLzIwMjJcLzAzXC8wMjUtMS1zY2FsZWQuanBnIiwic2xpZGVzaG93IjoiNDcwODViNCJ9\">\n\t\t\t\t\t<div class=\"e-gallery-image elementor-gallery-item__image\" data-thumbnail=\"https:\/\/deutscher-schifffahrtstag.de\/wp-content\/uploads\/2022\/03\/025-1-1024x768.jpg\" data-width=\"800\" data-height=\"600\" aria-label=\"\" role=\"img\" ><\/div>\n\t\t\t\t\t\t\t\t\t\t\t<div class=\"elementor-gallery-item__overlay\"><\/div>\n\t\t\t\t\t\t\t\t\t\t\t\t\t\t<\/a>\n\t\t\t\t\t\t\t<a class=\"e-gallery-item elementor-gallery-item elementor-animated-content\" href=\"https:\/\/deutscher-schifffahrtstag.de\/wp-content\/uploads\/2022\/03\/IMG-20140617-00072-scaled.jpg\" data-elementor-open-lightbox=\"yes\" data-elementor-lightbox-slideshow=\"47085b4\" data-elementor-lightbox-title=\"Offshore-Installationsschiff in der Kaiserschleuse Bremerhavens (Foto: Iven Kr\u00e4mer)\" data-e-action-hash=\"#elementor-action%3Aaction%3Dlightbox%26settings%3DeyJpZCI6NDAyMSwidXJsIjoiaHR0cHM6XC9cL2RldXRzY2hlci1zY2hpZmZmYWhydHN0YWcuZGVcL3dwLWNvbnRlbnRcL3VwbG9hZHNcLzIwMjJcLzAzXC9JTUctMjAxNDA2MTctMDAwNzItc2NhbGVkLmpwZyIsInNsaWRlc2hvdyI6IjQ3MDg1YjQifQ%3D%3D\">\n\t\t\t\t\t<div class=\"e-gallery-image elementor-gallery-item__image\" data-thumbnail=\"https:\/\/deutscher-schifffahrtstag.de\/wp-content\/uploads\/2022\/03\/IMG-20140617-00072-1024x768.jpg\" data-width=\"800\" data-height=\"600\" aria-label=\"\" role=\"img\" ><\/div>\n\t\t\t\t\t\t\t\t\t\t\t<div class=\"elementor-gallery-item__overlay\"><\/div>\n\t\t\t\t\t\t\t\t\t\t\t\t\t\t<\/a>\n\t\t\t\t\t\t\t<a class=\"e-gallery-item elementor-gallery-item elementor-animated-content\" href=\"https:\/\/deutscher-schifffahrtstag.de\/wp-content\/uploads\/2022\/02\/PK5.jpg\" data-elementor-open-lightbox=\"yes\" data-elementor-lightbox-slideshow=\"47085b4\" data-elementor-lightbox-title=\"Arbeiten an Bord eine Container-Feederschiffes (Foto: Pit Kr\u00e4mer)\" data-e-action-hash=\"#elementor-action%3Aaction%3Dlightbox%26settings%3DeyJpZCI6MzE4OSwidXJsIjoiaHR0cHM6XC9cL2RldXRzY2hlci1zY2hpZmZmYWhydHN0YWcuZGVcL3dwLWNvbnRlbnRcL3VwbG9hZHNcLzIwMjJcLzAyXC9QSzUuanBnIiwic2xpZGVzaG93IjoiNDcwODViNCJ9\">\n\t\t\t\t\t<div class=\"e-gallery-image elementor-gallery-item__image\" data-thumbnail=\"https:\/\/deutscher-schifffahrtstag.de\/wp-content\/uploads\/2022\/02\/PK5-1024x576.jpg\" data-width=\"800\" data-height=\"450\" aria-label=\"\" role=\"img\" ><\/div>\n\t\t\t\t\t\t\t\t\t\t\t<div class=\"elementor-gallery-item__overlay\"><\/div>\n\t\t\t\t\t\t\t\t\t\t\t\t\t\t<\/a>\n\t\t\t\t\t\t\t<a class=\"e-gallery-item elementor-gallery-item elementor-animated-content\" href=\"https:\/\/deutscher-schifffahrtstag.de\/wp-content\/uploads\/2022\/02\/Schiffs-und-Bootsparade-Detailansicht-mit-Uhrzeiten-1.png\" data-elementor-open-lightbox=\"yes\" data-elementor-lightbox-slideshow=\"47085b4\" data-elementor-lightbox-title=\"Schiffs- und Bootsparade - Detailansicht mit Uhrzeiten\" data-e-action-hash=\"#elementor-action%3Aaction%3Dlightbox%26settings%3DeyJpZCI6MzUyOCwidXJsIjoiaHR0cHM6XC9cL2RldXRzY2hlci1zY2hpZmZmYWhydHN0YWcuZGVcL3dwLWNvbnRlbnRcL3VwbG9hZHNcLzIwMjJcLzAyXC9TY2hpZmZzLXVuZC1Cb290c3BhcmFkZS1EZXRhaWxhbnNpY2h0LW1pdC1VaHJ6ZWl0ZW4tMS5wbmciLCJzbGlkZXNob3ciOiI0NzA4NWI0In0%3D\">\n\t\t\t\t\t<div class=\"e-gallery-image elementor-gallery-item__image\" data-thumbnail=\"https:\/\/deutscher-schifffahrtstag.de\/wp-content\/uploads\/2022\/02\/Schiffs-und-Bootsparade-Detailansicht-mit-Uhrzeiten-1-1024x631.png\" data-width=\"800\" data-height=\"493\" aria-label=\"\" role=\"img\" ><\/div>\n\t\t\t\t\t\t\t\t\t\t\t<div class=\"elementor-gallery-item__overlay\"><\/div>\n\t\t\t\t\t\t\t\t\t\t\t\t\t\t<\/a>\n\t\t\t\t\t\t\t<a class=\"e-gallery-item elementor-gallery-item elementor-animated-content\" href=\"https:\/\/deutscher-schifffahrtstag.de\/wp-content\/uploads\/2022\/03\/2021_05_07-Unternehmensbesuch-TSR-17-scaled.jpg\" data-elementor-open-lightbox=\"yes\" data-elementor-lightbox-slideshow=\"47085b4\" data-elementor-lightbox-title=\"Im Bremer Industriehafen (Foto: Iven Kr\u00e4mer)\" data-e-action-hash=\"#elementor-action%3Aaction%3Dlightbox%26settings%3DeyJpZCI6NDAxNywidXJsIjoiaHR0cHM6XC9cL2RldXRzY2hlci1zY2hpZmZmYWhydHN0YWcuZGVcL3dwLWNvbnRlbnRcL3VwbG9hZHNcLzIwMjJcLzAzXC8yMDIxXzA1XzA3LVVudGVybmVobWVuc2Jlc3VjaC1UU1ItMTctc2NhbGVkLmpwZyIsInNsaWRlc2hvdyI6IjQ3MDg1YjQifQ%3D%3D\">\n\t\t\t\t\t<div class=\"e-gallery-image elementor-gallery-item__image\" data-thumbnail=\"https:\/\/deutscher-schifffahrtstag.de\/wp-content\/uploads\/2022\/03\/2021_05_07-Unternehmensbesuch-TSR-17-1024x768.jpg\" data-width=\"800\" data-height=\"600\" aria-label=\"\" role=\"img\" ><\/div>\n\t\t\t\t\t\t\t\t\t\t\t<div class=\"elementor-gallery-item__overlay\"><\/div>\n\t\t\t\t\t\t\t\t\t\t\t\t\t\t<\/a>\n\t\t\t\t\t\t\t<a class=\"e-gallery-item elementor-gallery-item elementor-animated-content\" href=\"https:\/\/deutscher-schifffahrtstag.de\/wp-content\/uploads\/2022\/03\/5-scaled.jpg\" data-elementor-open-lightbox=\"yes\" data-elementor-lightbox-slideshow=\"47085b4\" data-elementor-lightbox-title=\"Fischereihafen Bremerhaven (Foto: Iven Kr\u00e4mer)\" data-e-action-hash=\"#elementor-action%3Aaction%3Dlightbox%26settings%3DeyJpZCI6Mzk0NywidXJsIjoiaHR0cHM6XC9cL2RldXRzY2hlci1zY2hpZmZmYWhydHN0YWcuZGVcL3dwLWNvbnRlbnRcL3VwbG9hZHNcLzIwMjJcLzAzXC81LXNjYWxlZC5qcGciLCJzbGlkZXNob3ciOiI0NzA4NWI0In0%3D\">\n\t\t\t\t\t<div class=\"e-gallery-image elementor-gallery-item__image\" data-thumbnail=\"https:\/\/deutscher-schifffahrtstag.de\/wp-content\/uploads\/2022\/03\/5-1024x768.jpg\" data-width=\"800\" data-height=\"600\" aria-label=\"\" role=\"img\" ><\/div>\n\t\t\t\t\t\t\t\t\t\t\t<div class=\"elementor-gallery-item__overlay\"><\/div>\n\t\t\t\t\t\t\t\t\t\t\t\t\t\t<\/a>\n\t\t\t\t\t\t\t<a class=\"e-gallery-item elementor-gallery-item elementor-animated-content\" href=\"https:\/\/deutscher-schifffahrtstag.de\/wp-content\/uploads\/2022\/05\/Emelie-D.-4.png\" data-elementor-open-lightbox=\"yes\" data-elementor-lightbox-slideshow=\"47085b4\" data-elementor-lightbox-title=\"Emelie D. 4\" data-e-action-hash=\"#elementor-action%3Aaction%3Dlightbox%26settings%3DeyJpZCI6NDU2MywidXJsIjoiaHR0cHM6XC9cL2RldXRzY2hlci1zY2hpZmZmYWhydHN0YWcuZGVcL3dwLWNvbnRlbnRcL3VwbG9hZHNcLzIwMjJcLzA1XC9FbWVsaWUtRC4tNC5wbmciLCJzbGlkZXNob3ciOiI0NzA4NWI0In0%3D\">\n\t\t\t\t\t<div class=\"e-gallery-image elementor-gallery-item__image\" data-thumbnail=\"https:\/\/deutscher-schifffahrtstag.de\/wp-content\/uploads\/2022\/05\/Emelie-D.-4-768x1024.png\" data-width=\"768\" data-height=\"1024\" aria-label=\"\" role=\"img\" ><\/div>\n\t\t\t\t\t\t\t\t\t\t\t<div class=\"elementor-gallery-item__overlay\"><\/div>\n\t\t\t\t\t\t\t\t\t\t\t\t\t\t<\/a>\n\t\t\t\t\t\t\t<a class=\"e-gallery-item elementor-gallery-item elementor-animated-content\" href=\"https:\/\/deutscher-schifffahrtstag.de\/wp-content\/uploads\/2021\/11\/Pit-1-e1637076811847.jpg\" data-elementor-open-lightbox=\"yes\" data-elementor-lightbox-slideshow=\"47085b4\" data-elementor-lightbox-title=\"Im Hamburger Hafen (Foto: Pit Kr\u00e4mer\" data-e-action-hash=\"#elementor-action%3Aaction%3Dlightbox%26settings%3DeyJpZCI6MjEwOCwidXJsIjoiaHR0cHM6XC9cL2RldXRzY2hlci1zY2hpZmZmYWhydHN0YWcuZGVcL3dwLWNvbnRlbnRcL3VwbG9hZHNcLzIwMjFcLzExXC9QaXQtMS1lMTYzNzA3NjgxMTg0Ny5qcGciLCJzbGlkZXNob3ciOiI0NzA4NWI0In0%3D\">\n\t\t\t\t\t<div class=\"e-gallery-image elementor-gallery-item__image\" data-thumbnail=\"https:\/\/deutscher-schifffahrtstag.de\/wp-content\/uploads\/2021\/11\/Pit-1-e1637076811847-1024x576.jpg\" data-width=\"800\" data-height=\"450\" aria-label=\"\" role=\"img\" ><\/div>\n\t\t\t\t\t\t\t\t\t\t\t<div class=\"elementor-gallery-item__overlay\"><\/div>\n\t\t\t\t\t\t\t\t\t\t\t\t\t\t<\/a>\n\t\t\t\t\t\t\t<a class=\"e-gallery-item elementor-gallery-item elementor-animated-content\" href=\"https:\/\/deutscher-schifffahrtstag.de\/wp-content\/uploads\/2022\/03\/IMG_7247-scaled.jpg\" data-elementor-open-lightbox=\"yes\" data-elementor-lightbox-slideshow=\"47085b4\" data-elementor-lightbox-title=\"Car Carrier in Bremerhaven (Foto: Iven Kr\u00e4mer)\" data-e-action-hash=\"#elementor-action%3Aaction%3Dlightbox%26settings%3DeyJpZCI6Mzk1MCwidXJsIjoiaHR0cHM6XC9cL2RldXRzY2hlci1zY2hpZmZmYWhydHN0YWcuZGVcL3dwLWNvbnRlbnRcL3VwbG9hZHNcLzIwMjJcLzAzXC9JTUdfNzI0Ny1zY2FsZWQuanBnIiwic2xpZGVzaG93IjoiNDcwODViNCJ9\">\n\t\t\t\t\t<div class=\"e-gallery-image elementor-gallery-item__image\" data-thumbnail=\"https:\/\/deutscher-schifffahrtstag.de\/wp-content\/uploads\/2022\/03\/IMG_7247-1024x768.jpg\" data-width=\"800\" data-height=\"600\" aria-label=\"\" role=\"img\" ><\/div>\n\t\t\t\t\t\t\t\t\t\t\t<div class=\"elementor-gallery-item__overlay\"><\/div>\n\t\t\t\t\t\t\t\t\t\t\t\t\t\t<\/a>\n\t\t\t\t\t\t\t<a class=\"e-gallery-item elementor-gallery-item elementor-animated-content\" href=\"https:\/\/deutscher-schifffahrtstag.de\/wp-content\/uploads\/2022\/02\/PK2.jpg\" data-elementor-open-lightbox=\"yes\" data-elementor-lightbox-slideshow=\"47085b4\" data-elementor-lightbox-title=\"Containerfeeder auslaufend aus dem Hamburger Hafen (Foto: Pit Kr\u00e4mer)\" data-e-action-hash=\"#elementor-action%3Aaction%3Dlightbox%26settings%3DeyJpZCI6MzE4NiwidXJsIjoiaHR0cHM6XC9cL2RldXRzY2hlci1zY2hpZmZmYWhydHN0YWcuZGVcL3dwLWNvbnRlbnRcL3VwbG9hZHNcLzIwMjJcLzAyXC9QSzIuanBnIiwic2xpZGVzaG93IjoiNDcwODViNCJ9\">\n\t\t\t\t\t<div class=\"e-gallery-image elementor-gallery-item__image\" data-thumbnail=\"https:\/\/deutscher-schifffahrtstag.de\/wp-content\/uploads\/2022\/02\/PK2-576x1024.jpg\" data-width=\"576\" data-height=\"1024\" aria-label=\"\" role=\"img\" ><\/div>\n\t\t\t\t\t\t\t\t\t\t\t<div class=\"elementor-gallery-item__overlay\"><\/div>\n\t\t\t\t\t\t\t\t\t\t\t\t\t\t<\/a>\n\t\t\t\t\t\t\t<a class=\"e-gallery-item elementor-gallery-item elementor-animated-content\" href=\"https:\/\/deutscher-schifffahrtstag.de\/wp-content\/uploads\/2021\/11\/Pit-6-e1637076980842.jpg\" data-elementor-open-lightbox=\"yes\" data-elementor-lightbox-slideshow=\"47085b4\" data-elementor-lightbox-title=\"\u00a9 Pit Kr\u00e4mer\" data-e-action-hash=\"#elementor-action%3Aaction%3Dlightbox%26settings%3DeyJpZCI6MjExMywidXJsIjoiaHR0cHM6XC9cL2RldXRzY2hlci1zY2hpZmZmYWhydHN0YWcuZGVcL3dwLWNvbnRlbnRcL3VwbG9hZHNcLzIwMjFcLzExXC9QaXQtNi1lMTYzNzA3Njk4MDg0Mi5qcGciLCJzbGlkZXNob3ciOiI0NzA4NWI0In0%3D\">\n\t\t\t\t\t<div class=\"e-gallery-image elementor-gallery-item__image\" data-thumbnail=\"https:\/\/deutscher-schifffahrtstag.de\/wp-content\/uploads\/2021\/11\/Pit-6-e1637076980842-1024x576.jpg\" data-width=\"800\" data-height=\"450\" aria-label=\"\" role=\"img\" ><\/div>\n\t\t\t\t\t\t\t\t\t\t\t<div class=\"elementor-gallery-item__overlay\"><\/div>\n\t\t\t\t\t\t\t\t\t\t\t\t\t\t<\/a>\n\t\t\t\t\t\t\t<a class=\"e-gallery-item elementor-gallery-item elementor-animated-content\" href=\"https:\/\/deutscher-schifffahrtstag.de\/wp-content\/uploads\/2022\/05\/Emelie-D.-1.png\" data-elementor-open-lightbox=\"yes\" data-elementor-lightbox-slideshow=\"47085b4\" data-elementor-lightbox-title=\"Emelie D. 1\" data-e-action-hash=\"#elementor-action%3Aaction%3Dlightbox%26settings%3DeyJpZCI6NDU1OSwidXJsIjoiaHR0cHM6XC9cL2RldXRzY2hlci1zY2hpZmZmYWhydHN0YWcuZGVcL3dwLWNvbnRlbnRcL3VwbG9hZHNcLzIwMjJcLzA1XC9FbWVsaWUtRC4tMS5wbmciLCJzbGlkZXNob3ciOiI0NzA4NWI0In0%3D\">\n\t\t\t\t\t<div class=\"e-gallery-image elementor-gallery-item__image\" data-thumbnail=\"https:\/\/deutscher-schifffahrtstag.de\/wp-content\/uploads\/2022\/05\/Emelie-D.-1-766x1024.png\" data-width=\"766\" data-height=\"1024\" aria-label=\"\" role=\"img\" ><\/div>\n\t\t\t\t\t\t\t\t\t\t\t<div class=\"elementor-gallery-item__overlay\"><\/div>\n\t\t\t\t\t\t\t\t\t\t\t\t\t\t<\/a>\n\t\t\t\t\t\t\t<a class=\"e-gallery-item elementor-gallery-item elementor-animated-content\" href=\"https:\/\/deutscher-schifffahrtstag.de\/wp-content\/uploads\/2021\/09\/243730924_259436916078397_9157589992876344636_n.jpg\" data-elementor-open-lightbox=\"yes\" data-elementor-lightbox-slideshow=\"47085b4\" data-elementor-lightbox-title=\"Containerterminal Bremerhaven \/ \u00a9 Iven Kr\u00e4mer\" data-e-action-hash=\"#elementor-action%3Aaction%3Dlightbox%26settings%3DeyJpZCI6MTM3MCwidXJsIjoiaHR0cHM6XC9cL2RldXRzY2hlci1zY2hpZmZmYWhydHN0YWcuZGVcL3dwLWNvbnRlbnRcL3VwbG9hZHNcLzIwMjFcLzA5XC8yNDM3MzA5MjRfMjU5NDM2OTE2MDc4Mzk3XzkxNTc1ODk5OTI4NzYzNDQ2MzZfbi5qcGciLCJzbGlkZXNob3ciOiI0NzA4NWI0In0%3D\">\n\t\t\t\t\t<div class=\"e-gallery-image elementor-gallery-item__image\" data-thumbnail=\"https:\/\/deutscher-schifffahrtstag.de\/wp-content\/uploads\/2021\/09\/243730924_259436916078397_9157589992876344636_n-1024x768.jpg\" data-width=\"800\" data-height=\"600\" aria-label=\"\" role=\"img\" ><\/div>\n\t\t\t\t\t\t\t\t\t\t\t<div class=\"elementor-gallery-item__overlay\"><\/div>\n\t\t\t\t\t\t\t\t\t\t\t\t\t\t<\/a>\n\t\t\t\t\t\t\t<a class=\"e-gallery-item elementor-gallery-item elementor-animated-content\" href=\"https:\/\/deutscher-schifffahrtstag.de\/wp-content\/uploads\/2022\/03\/179-scaled.jpg\" data-elementor-open-lightbox=\"yes\" data-elementor-lightbox-slideshow=\"47085b4\" data-elementor-lightbox-title=\"Man\u00f6ver im Bremer H\u00fcttenhafen (Foto: Iven Kr\u00e4mer)\" data-e-action-hash=\"#elementor-action%3Aaction%3Dlightbox%26settings%3DeyJpZCI6Mzk4OSwidXJsIjoiaHR0cHM6XC9cL2RldXRzY2hlci1zY2hpZmZmYWhydHN0YWcuZGVcL3dwLWNvbnRlbnRcL3VwbG9hZHNcLzIwMjJcLzAzXC8xNzktc2NhbGVkLmpwZyIsInNsaWRlc2hvdyI6IjQ3MDg1YjQifQ%3D%3D\">\n\t\t\t\t\t<div class=\"e-gallery-image elementor-gallery-item__image\" data-thumbnail=\"https:\/\/deutscher-schifffahrtstag.de\/wp-content\/uploads\/2022\/03\/179-1024x768.jpg\" data-width=\"800\" data-height=\"600\" aria-label=\"\" role=\"img\" ><\/div>\n\t\t\t\t\t\t\t\t\t\t\t<div class=\"elementor-gallery-item__overlay\"><\/div>\n\t\t\t\t\t\t\t\t\t\t\t\t\t\t<\/a>\n\t\t\t\t\t\t\t<a class=\"e-gallery-item elementor-gallery-item elementor-animated-content\" href=\"https:\/\/deutscher-schifffahrtstag.de\/wp-content\/uploads\/2021\/11\/Rathaus.jpg\" data-elementor-open-lightbox=\"yes\" data-elementor-lightbox-slideshow=\"47085b4\" data-elementor-lightbox-title=\"Rathaus mit Beflaggung anl\u00e4sslich des Weltschifffahrtstages\" data-e-action-hash=\"#elementor-action%3Aaction%3Dlightbox%26settings%3DeyJpZCI6MTk3MCwidXJsIjoiaHR0cHM6XC9cL2RldXRzY2hlci1zY2hpZmZmYWhydHN0YWcuZGVcL3dwLWNvbnRlbnRcL3VwbG9hZHNcLzIwMjFcLzExXC9SYXRoYXVzLmpwZyIsInNsaWRlc2hvdyI6IjQ3MDg1YjQifQ%3D%3D\">\n\t\t\t\t\t<div class=\"e-gallery-image elementor-gallery-item__image\" data-thumbnail=\"https:\/\/deutscher-schifffahrtstag.de\/wp-content\/uploads\/2021\/11\/Rathaus-1024x914.jpg\" data-width=\"800\" data-height=\"714\" aria-label=\"\" role=\"img\" ><\/div>\n\t\t\t\t\t\t\t\t\t\t\t<div class=\"elementor-gallery-item__overlay\"><\/div>\n\t\t\t\t\t\t\t\t\t\t\t\t\t\t<\/a>\n\t\t\t\t\t\t\t<a class=\"e-gallery-item elementor-gallery-item elementor-animated-content\" href=\"https:\/\/deutscher-schifffahrtstag.de\/wp-content\/uploads\/2022\/05\/Emelie-D.-3.png\" data-elementor-open-lightbox=\"yes\" data-elementor-lightbox-slideshow=\"47085b4\" data-elementor-lightbox-title=\"Emelie D. 3\" data-e-action-hash=\"#elementor-action%3Aaction%3Dlightbox%26settings%3DeyJpZCI6NDU2MiwidXJsIjoiaHR0cHM6XC9cL2RldXRzY2hlci1zY2hpZmZmYWhydHN0YWcuZGVcL3dwLWNvbnRlbnRcL3VwbG9hZHNcLzIwMjJcLzA1XC9FbWVsaWUtRC4tMy5wbmciLCJzbGlkZXNob3ciOiI0NzA4NWI0In0%3D\">\n\t\t\t\t\t<div class=\"e-gallery-image elementor-gallery-item__image\" data-thumbnail=\"https:\/\/deutscher-schifffahrtstag.de\/wp-content\/uploads\/2022\/05\/Emelie-D.-3-768x1024.png\" data-width=\"768\" data-height=\"1024\" aria-label=\"\" role=\"img\" ><\/div>\n\t\t\t\t\t\t\t\t\t\t\t<div class=\"elementor-gallery-item__overlay\"><\/div>\n\t\t\t\t\t\t\t\t\t\t\t\t\t\t<\/a>\n\t\t\t\t\t\t\t<a class=\"e-gallery-item elementor-gallery-item elementor-animated-content\" href=\"https:\/\/deutscher-schifffahrtstag.de\/wp-content\/uploads\/2021\/10\/Flagge-der-Bremischen-Schifffahrt-vor-dem-Haus-der-Bremischen-Burgerschaft-scaled.jpg\" data-elementor-open-lightbox=\"yes\" data-elementor-lightbox-slideshow=\"47085b4\" data-elementor-lightbox-title=\"Flagge der Bremischen Schifffahrt vor dem Haus der Bremischen B\u00fcrgerschaft \/ \u00a9 DNV\" data-e-action-hash=\"#elementor-action%3Aaction%3Dlightbox%26settings%3DeyJpZCI6MTQzNCwidXJsIjoiaHR0cHM6XC9cL2RldXRzY2hlci1zY2hpZmZmYWhydHN0YWcuZGVcL3dwLWNvbnRlbnRcL3VwbG9hZHNcLzIwMjFcLzEwXC9GbGFnZ2UtZGVyLUJyZW1pc2NoZW4tU2NoaWZmZmFocnQtdm9yLWRlbS1IYXVzLWRlci1CcmVtaXNjaGVuLUJ1cmdlcnNjaGFmdC1zY2FsZWQuanBnIiwic2xpZGVzaG93IjoiNDcwODViNCJ9\">\n\t\t\t\t\t<div class=\"e-gallery-image elementor-gallery-item__image\" data-thumbnail=\"https:\/\/deutscher-schifffahrtstag.de\/wp-content\/uploads\/2021\/10\/Flagge-der-Bremischen-Schifffahrt-vor-dem-Haus-der-Bremischen-Burgerschaft-1024x683.jpg\" data-width=\"800\" data-height=\"534\" aria-label=\"\" role=\"img\" ><\/div>\n\t\t\t\t\t\t\t\t\t\t\t<div class=\"elementor-gallery-item__overlay\"><\/div>\n\t\t\t\t\t\t\t\t\t\t\t\t\t\t<\/a>\n\t\t\t\t\t\t\t<a class=\"e-gallery-item elementor-gallery-item elementor-animated-content\" href=\"https:\/\/deutscher-schifffahrtstag.de\/wp-content\/uploads\/2021\/10\/IMG_5070-scaled.jpg\" data-elementor-open-lightbox=\"yes\" data-elementor-lightbox-slideshow=\"47085b4\" data-elementor-lightbox-title=\"Blick vom Lotsversetzboot auf den Containerterminal Bremerhaven \u00a9 Iven Kr\u00e4mer\" data-e-action-hash=\"#elementor-action%3Aaction%3Dlightbox%26settings%3DeyJpZCI6MTQ5OCwidXJsIjoiaHR0cHM6XC9cL2RldXRzY2hlci1zY2hpZmZmYWhydHN0YWcuZGVcL3dwLWNvbnRlbnRcL3VwbG9hZHNcLzIwMjFcLzEwXC9JTUdfNTA3MC1zY2FsZWQuanBnIiwic2xpZGVzaG93IjoiNDcwODViNCJ9\">\n\t\t\t\t\t<div class=\"e-gallery-image elementor-gallery-item__image\" data-thumbnail=\"https:\/\/deutscher-schifffahrtstag.de\/wp-content\/uploads\/2021\/10\/IMG_5070-1024x768.jpg\" data-width=\"800\" data-height=\"600\" aria-label=\"\" role=\"img\" ><\/div>\n\t\t\t\t\t\t\t\t\t\t\t<div class=\"elementor-gallery-item__overlay\"><\/div>\n\t\t\t\t\t\t\t\t\t\t\t\t\t\t<\/a>\n\t\t\t\t\t\t\t<a class=\"e-gallery-item elementor-gallery-item elementor-animated-content\" href=\"https:\/\/deutscher-schifffahrtstag.de\/wp-content\/uploads\/2022\/03\/B6FF67C0-ADC5-4560-94E5-637FAA75A6B4-scaled.jpeg\" data-elementor-open-lightbox=\"yes\" data-elementor-lightbox-slideshow=\"47085b4\" data-elementor-lightbox-title=\"Logo DST 2022\" data-e-action-hash=\"#elementor-action%3Aaction%3Dlightbox%26settings%3DeyJpZCI6MzgzMCwidXJsIjoiaHR0cHM6XC9cL2RldXRzY2hlci1zY2hpZmZmYWhydHN0YWcuZGVcL3dwLWNvbnRlbnRcL3VwbG9hZHNcLzIwMjJcLzAzXC9CNkZGNjdDMC1BREM1LTQ1NjAtOTRFNS02MzdGQUE3NUE2QjQtc2NhbGVkLmpwZWciLCJzbGlkZXNob3ciOiI0NzA4NWI0In0%3D\">\n\t\t\t\t\t<div class=\"e-gallery-image elementor-gallery-item__image\" data-thumbnail=\"https:\/\/deutscher-schifffahrtstag.de\/wp-content\/uploads\/2022\/03\/B6FF67C0-ADC5-4560-94E5-637FAA75A6B4-1024x183.jpeg\" data-width=\"800\" data-height=\"143\" aria-label=\"\" role=\"img\" ><\/div>\n\t\t\t\t\t\t\t\t\t\t\t<div class=\"elementor-gallery-item__overlay\"><\/div>\n\t\t\t\t\t\t\t\t\t\t\t\t\t\t<\/a>\n\t\t\t\t\t\t\t<a class=\"e-gallery-item elementor-gallery-item elementor-animated-content\" href=\"https:\/\/deutscher-schifffahrtstag.de\/wp-content\/uploads\/2022\/05\/Emelie-D.5.png\" data-elementor-open-lightbox=\"yes\" data-elementor-lightbox-slideshow=\"47085b4\" data-elementor-lightbox-title=\"Emelie D.5\" data-e-action-hash=\"#elementor-action%3Aaction%3Dlightbox%26settings%3DeyJpZCI6NDU2NCwidXJsIjoiaHR0cHM6XC9cL2RldXRzY2hlci1zY2hpZmZmYWhydHN0YWcuZGVcL3dwLWNvbnRlbnRcL3VwbG9hZHNcLzIwMjJcLzA1XC9FbWVsaWUtRC41LnBuZyIsInNsaWRlc2hvdyI6IjQ3MDg1YjQifQ%3D%3D\">\n\t\t\t\t\t<div class=\"e-gallery-image elementor-gallery-item__image\" data-thumbnail=\"https:\/\/deutscher-schifffahrtstag.de\/wp-content\/uploads\/2022\/05\/Emelie-D.5-769x1024.png\" data-width=\"769\" data-height=\"1024\" aria-label=\"\" role=\"img\" ><\/div>\n\t\t\t\t\t\t\t\t\t\t\t<div class=\"elementor-gallery-item__overlay\"><\/div>\n\t\t\t\t\t\t\t\t\t\t\t\t\t\t<\/a>\n\t\t\t\t\t\t\t<a class=\"e-gallery-item elementor-gallery-item elementor-animated-content\" href=\"https:\/\/deutscher-schifffahrtstag.de\/wp-content\/uploads\/2021\/11\/Pit-4-e1637076938645.jpg\" data-elementor-open-lightbox=\"yes\" data-elementor-lightbox-slideshow=\"47085b4\" data-elementor-lightbox-title=\"In der NOK-Schleuse (Foto: Pit Kr\u00e4mer\" data-e-action-hash=\"#elementor-action%3Aaction%3Dlightbox%26settings%3DeyJpZCI6MjExMSwidXJsIjoiaHR0cHM6XC9cL2RldXRzY2hlci1zY2hpZmZmYWhydHN0YWcuZGVcL3dwLWNvbnRlbnRcL3VwbG9hZHNcLzIwMjFcLzExXC9QaXQtNC1lMTYzNzA3NjkzODY0NS5qcGciLCJzbGlkZXNob3ciOiI0NzA4NWI0In0%3D\">\n\t\t\t\t\t<div class=\"e-gallery-image elementor-gallery-item__image\" data-thumbnail=\"https:\/\/deutscher-schifffahrtstag.de\/wp-content\/uploads\/2021\/11\/Pit-4-e1637076938645-1024x576.jpg\" data-width=\"800\" data-height=\"450\" aria-label=\"\" role=\"img\" ><\/div>\n\t\t\t\t\t\t\t\t\t\t\t<div class=\"elementor-gallery-item__overlay\"><\/div>\n\t\t\t\t\t\t\t\t\t\t\t\t\t\t<\/a>\n\t\t\t\t\t\t\t<a class=\"e-gallery-item elementor-gallery-item elementor-animated-content\" href=\"https:\/\/deutscher-schifffahrtstag.de\/wp-content\/uploads\/2022\/01\/Bremerhaven-5.jpg\" data-elementor-open-lightbox=\"yes\" data-elementor-lightbox-slideshow=\"47085b4\" data-elementor-lightbox-title=\"Neuer Hafen Bremerhaven (Foto: Iven Kr\u00e4mer)\" data-e-action-hash=\"#elementor-action%3Aaction%3Dlightbox%26settings%3DeyJpZCI6MjY3MywidXJsIjoiaHR0cHM6XC9cL2RldXRzY2hlci1zY2hpZmZmYWhydHN0YWcuZGVcL3dwLWNvbnRlbnRcL3VwbG9hZHNcLzIwMjJcLzAxXC9CcmVtZXJoYXZlbi01LmpwZyIsInNsaWRlc2hvdyI6IjQ3MDg1YjQifQ%3D%3D\">\n\t\t\t\t\t<div class=\"e-gallery-image elementor-gallery-item__image\" data-thumbnail=\"https:\/\/deutscher-schifffahrtstag.de\/wp-content\/uploads\/2022\/01\/Bremerhaven-5-1024x768.jpg\" data-width=\"800\" data-height=\"600\" aria-label=\"\" role=\"img\" ><\/div>\n\t\t\t\t\t\t\t\t\t\t\t<div class=\"elementor-gallery-item__overlay\"><\/div>\n\t\t\t\t\t\t\t\t\t\t\t\t\t\t<\/a>\n\t\t\t\t\t\t\t<a class=\"e-gallery-item elementor-gallery-item elementor-animated-content\" href=\"https:\/\/deutscher-schifffahrtstag.de\/wp-content\/uploads\/2022\/03\/IMG_1953-1-scaled.jpg\" data-elementor-open-lightbox=\"yes\" data-elementor-lightbox-slideshow=\"47085b4\" data-elementor-lightbox-title=\"Gro\u00dfcontainerschiff ausgehend von Bremerhaven (Foto: Iven Kr\u00e4mer)\" data-e-action-hash=\"#elementor-action%3Aaction%3Dlightbox%26settings%3DeyJpZCI6NDAwNSwidXJsIjoiaHR0cHM6XC9cL2RldXRzY2hlci1zY2hpZmZmYWhydHN0YWcuZGVcL3dwLWNvbnRlbnRcL3VwbG9hZHNcLzIwMjJcLzAzXC9JTUdfMTk1My0xLXNjYWxlZC5qcGciLCJzbGlkZXNob3ciOiI0NzA4NWI0In0%3D\">\n\t\t\t\t\t<div class=\"e-gallery-image elementor-gallery-item__image\" data-thumbnail=\"https:\/\/deutscher-schifffahrtstag.de\/wp-content\/uploads\/2022\/03\/IMG_1953-1-1024x768.jpg\" data-width=\"800\" data-height=\"600\" aria-label=\"\" role=\"img\" ><\/div>\n\t\t\t\t\t\t\t\t\t\t\t<div class=\"elementor-gallery-item__overlay\"><\/div>\n\t\t\t\t\t\t\t\t\t\t\t\t\t\t<\/a>\n\t\t\t\t\t<\/div>\n\t\t\t\t\t<\/div>\n\t\t\t\t<\/div>\n\t\t\t\t\t<\/div>\n\t\t<\/div>\n\t\t\t\t<div class=\"elementor-column elementor-col-33 elementor-top-column elementor-element elementor-element-4cf73ad\" data-id=\"4cf73ad\" data-element_type=\"column\" data-e-type=\"column\">\n\t\t\t<div class=\"elementor-widget-wrap\">\n\t\t\t\t\t\t\t<\/div>\n\t\t<\/div>\n\t\t\t\t\t<\/div>\n\t\t<\/section>\n\t\t\t\t<\/div>\n\t\t","protected":false},"excerpt":{"rendered":"<p>Downloads Texte BDB zum DST 2022 (September &#8217;21) DMB zum DST 2022 (September &#8217;21) DNV zum DST 2022 (September &#8217;21) Nautischer Verein zu Bremerhaven zum DST 2022 (September &#8217;21) Nautischer Verein zu Bremen zum DST 2022 (September &#8217;21) Einladung Bootsparade (Januar &#8217;22) Anmeldung Paraden (Februar &#8217;22) Bilderdatenbank F\u00fcr jegliche Beitr\u00e4ge, Berichte und Ver\u00f6ffentlichungen zum DST [&hellip;]<\/p>\n","protected":false},"author":1,"featured_media":0,"parent":0,"menu_order":0,"comment_status":"closed","ping_status":"closed","template":"elementor_header_footer","meta":{"footnotes":""},"class_list":["post-970","page","type-page","status-publish","hentry"],"_links":{"self":[{"href":"https:\/\/deutscher-schifffahrtstag.de\/index.php\/wp-json\/wp\/v2\/pages\/970","targetHints":{"allow":["GET"]}}],"collection":[{"href":"https:\/\/deutscher-schifffahrtstag.de\/index.php\/wp-json\/wp\/v2\/pages"}],"about":[{"href":"https:\/\/deutscher-schifffahrtstag.de\/index.php\/wp-json\/wp\/v2\/types\/page"}],"author":[{"embeddable":true,"href":"https:\/\/deutscher-schifffahrtstag.de\/index.php\/wp-json\/wp\/v2\/users\/1"}],"replies":[{"embeddable":true,"href":"https:\/\/deutscher-schifffahrtstag.de\/index.php\/wp-json\/wp\/v2\/comments?post=970"}],"version-history":[{"count":10,"href":"https:\/\/deutscher-schifffahrtstag.de\/index.php\/wp-json\/wp\/v2\/pages\/970\/revisions"}],"predecessor-version":[{"id":5588,"href":"https:\/\/deutscher-schifffahrtstag.de\/index.php\/wp-json\/wp\/v2\/pages\/970\/revisions\/5588"}],"wp:attachment":[{"href":"https:\/\/deutscher-schifffahrtstag.de\/index.php\/wp-json\/wp\/v2\/media?parent=970"}],"curies":[{"name":"wp","href":"https:\/\/api.w.org\/{rel}","templated":true}]}}